{"id":2977,"date":"2026-03-02T12:13:14","date_gmt":"2026-03-02T12:13:14","guid":{"rendered":"https:\/\/heklan.is\/vidburdir\/askur\/"},"modified":"2026-09-01T00:06:39","modified_gmt":"2026-09-01T00:06:39","slug":"askur","status":"publish","type":"events","link":"https:\/\/heklan.is\/en\/vidburdir\/askur\/","title":{"rendered":"Ash"},"content":{"rendered":"<p>Askur mannvirkjaranns\u00f3knasj\u00f3\u00f0ur veitir styrki til n\u00fdsk\u00f6punar \u2013 og mannvirkjaranns\u00f3kna me\u00f0 \u00e1herslu \u00e1 aukna \u00feekkingu, umb\u00e6tur og n\u00fdsk\u00f6pun til a\u00f0 m\u00e6ta samf\u00e9lagslegum \u00e1skorunum \u00e1 svi\u00f0i mannvirkjager\u00f0ar. Opna\u00f0 er fyrir ums\u00f3knir \u00ed lok september \u00e1r hvert.<\/p>\n<p>Ums\u00f3knarfrestur: ~ sep. 2026<\/p>","protected":false},"excerpt":{"rendered":"<p>Askur mannvirkjaranns\u00f3knasj\u00f3\u00f0ur veitir styrki til n\u00fdsk\u00f6punar \u2013 og mannvirkjaranns\u00f3kna me\u00f0 \u00e1herslu \u00e1 aukna \u00feekkingu, umb\u00e6tur og n\u00fdsk\u00f6pun til a\u00f0 m\u00e6ta samf\u00e9lagslegum \u00e1skorunum \u00e1 svi\u00f0i mannvirkjager\u00f0ar. Opna\u00f0 er fyrir ums\u00f3knir \u00ed lok september \u00e1r hvert. Ums\u00f3knarfrestur: ~ sep. 2026<\/p>","protected":false},"featured_media":2965,"template":"","event_category":[27],"class_list":["post-2977","events","type-events","status-publish","has-post-thumbnail","hentry","event_category-styrkir"],"blocksy_meta":{"styles_descriptor":{"styles":{"desktop":"","tablet":"","mobile":""},"google_fonts":[],"version":7}},"acf":[],"yoast_head":"<!-- This site is optimized with the Yoast SEO plugin v28.2 - https:\/\/yoast.com\/product\/yoast-seo-wordpress\/ -->\n<title>Askur - Heklan atvinnu\u00fer\u00f3un<\/title>\n<meta name=\"robots\" content=\"index, follow, max-snippet:-1, max-image-preview:large, max-video-preview:-1\" \/>\n<link rel=\"canonical\" href=\"https:\/\/heklan.is\/en\/vidburdir\/askur\/\" \/>\n<meta property=\"og:locale\" content=\"en_US\" \/>\n<meta property=\"og:type\" content=\"article\" \/>\n<meta property=\"og:title\" content=\"Askur - Heklan atvinnu\u00fer\u00f3un\" \/>\n<meta property=\"og:description\" content=\"Askur mannvirkjaranns\u00f3knasj\u00f3\u00f0ur veitir styrki til n\u00fdsk\u00f6punar \u2013 og mannvirkjaranns\u00f3kna me\u00f0 \u00e1herslu \u00e1 aukna \u00feekkingu, umb\u00e6tur og n\u00fdsk\u00f6pun til a\u00f0 m\u00e6ta samf\u00e9lagslegum \u00e1skorunum \u00e1 svi\u00f0i mannvirkjager\u00f0ar. Opna\u00f0 er fyrir ums\u00f3knir \u00ed lok september \u00e1r hvert. Ums\u00f3knarfrestur: ~ sep. 2026\" \/>\n<meta property=\"og:url\" content=\"https:\/\/heklan.is\/en\/vidburdir\/askur\/\" \/>\n<meta property=\"og:site_name\" content=\"Heklan atvinnu\u00fer\u00f3un\" \/>\n<meta property=\"article:publisher\" content=\"https:\/\/www.facebook.com\/sudurnes\" \/>\n<meta property=\"article:modified_time\" content=\"2026-09-01T00:06:39+00:00\" \/>\n<meta property=\"og:image\" content=\"https:\/\/heklan.is\/wp-content\/uploads\/2026\/03\/20190908_THRAINN_145753-scaled-1.jpg\" \/>\n\t<meta property=\"og:image:width\" content=\"2560\" \/>\n\t<meta property=\"og:image:height\" content=\"1920\" \/>\n\t<meta property=\"og:image:type\" content=\"image\/jpeg\" \/>\n<meta name=\"twitter:card\" content=\"summary_large_image\" \/>\n<script type=\"application\/ld+json\" class=\"yoast-schema-graph\">{\"@context\":\"https:\\\/\\\/schema.org\",\"@graph\":[{\"@type\":\"WebPage\",\"@id\":\"https:\\\/\\\/heklan.is\\\/vidburdir\\\/askur\\\/\",\"url\":\"https:\\\/\\\/heklan.is\\\/vidburdir\\\/askur\\\/\",\"name\":\"Askur - Heklan atvinnu\u00fer\u00f3un\",\"isPartOf\":{\"@id\":\"https:\\\/\\\/heklan.is\\\/#website\"},\"primaryImageOfPage\":{\"@id\":\"https:\\\/\\\/heklan.is\\\/vidburdir\\\/askur\\\/#primaryimage\"},\"image\":{\"@id\":\"https:\\\/\\\/heklan.is\\\/vidburdir\\\/askur\\\/#primaryimage\"},\"thumbnailUrl\":\"https:\\\/\\\/heklan.is\\\/wp-content\\\/uploads\\\/2026\\\/03\\\/20190908_THRAINN_145753-scaled-1.jpg\",\"datePublished\":\"2026-03-02T12:13:14+00:00\",\"dateModified\":\"2026-09-01T00:06:39+00:00\",\"breadcrumb\":{\"@id\":\"https:\\\/\\\/heklan.is\\\/vidburdir\\\/askur\\\/#breadcrumb\"},\"inLanguage\":\"en-US\",\"potentialAction\":[{\"@type\":\"ReadAction\",\"target\":[\"https:\\\/\\\/heklan.is\\\/vidburdir\\\/askur\\\/\"]}]},{\"@type\":\"ImageObject\",\"inLanguage\":\"en-US\",\"@id\":\"https:\\\/\\\/heklan.is\\\/vidburdir\\\/askur\\\/#primaryimage\",\"url\":\"https:\\\/\\\/heklan.is\\\/wp-content\\\/uploads\\\/2026\\\/03\\\/20190908_THRAINN_145753-scaled-1.jpg\",\"contentUrl\":\"https:\\\/\\\/heklan.is\\\/wp-content\\\/uploads\\\/2026\\\/03\\\/20190908_THRAINN_145753-scaled-1.jpg\",\"width\":2560,\"height\":1920},{\"@type\":\"BreadcrumbList\",\"@id\":\"https:\\\/\\\/heklan.is\\\/vidburdir\\\/askur\\\/#breadcrumb\",\"itemListElement\":[{\"@type\":\"ListItem\",\"position\":1,\"name\":\"Home\",\"item\":\"https:\\\/\\\/heklan.is\\\/\"},{\"@type\":\"ListItem\",\"position\":2,\"name\":\"Vi\u00f0bur\u00f0ir\",\"item\":\"https:\\\/\\\/heklan.is\\\/vidburdir\\\/\"},{\"@type\":\"ListItem\",\"position\":3,\"name\":\"Askur\"}]},{\"@type\":\"WebSite\",\"@id\":\"https:\\\/\\\/heklan.is\\\/#website\",\"url\":\"https:\\\/\\\/heklan.is\\\/\",\"name\":\"Heklan atvinnu\u00fer\u00f3un\",\"description\":\"\",\"publisher\":{\"@id\":\"https:\\\/\\\/heklan.is\\\/#organization\"},\"alternateName\":\"Heklan\",\"potentialAction\":[{\"@type\":\"SearchAction\",\"target\":{\"@type\":\"EntryPoint\",\"urlTemplate\":\"https:\\\/\\\/heklan.is\\\/?s={search_term_string}\"},\"query-input\":{\"@type\":\"PropertyValueSpecification\",\"valueRequired\":true,\"valueName\":\"search_term_string\"}}],\"inLanguage\":\"en-US\"},{\"@type\":\"Organization\",\"@id\":\"https:\\\/\\\/heklan.is\\\/#organization\",\"name\":\"Heklan atvinnu\u00fer\u00f3un\",\"alternateName\":\"Heklan\",\"url\":\"https:\\\/\\\/heklan.is\\\/\",\"logo\":{\"@type\":\"ImageObject\",\"inLanguage\":\"en-US\",\"@id\":\"https:\\\/\\\/heklan.is\\\/#\\\/schema\\\/logo\\\/image\\\/\",\"url\":\"https:\\\/\\\/heklan.is\\\/wp-content\\\/uploads\\\/2025\\\/09\\\/heklan-logo-dark.png\",\"contentUrl\":\"https:\\\/\\\/heklan.is\\\/wp-content\\\/uploads\\\/2025\\\/09\\\/heklan-logo-dark.png\",\"width\":700,\"height\":143,\"caption\":\"Heklan atvinnu\u00fer\u00f3un\"},\"image\":{\"@id\":\"https:\\\/\\\/heklan.is\\\/#\\\/schema\\\/logo\\\/image\\\/\"},\"sameAs\":[\"https:\\\/\\\/www.facebook.com\\\/sudurnes\"]}]}<\/script>\n<!-- \/ Yoast SEO plugin. -->","yoast_head_json":{"title":"Askur - Heklan atvinnu\u00fer\u00f3un","robots":{"index":"index","follow":"follow","max-snippet":"max-snippet:-1","max-image-preview":"max-image-preview:large","max-video-preview":"max-video-preview:-1"},"canonical":"https:\/\/heklan.is\/en\/vidburdir\/askur\/","og_locale":"en_US","og_type":"article","og_title":"Askur - Heklan atvinnu\u00fer\u00f3un","og_description":"Askur mannvirkjaranns\u00f3knasj\u00f3\u00f0ur veitir styrki til n\u00fdsk\u00f6punar \u2013 og mannvirkjaranns\u00f3kna me\u00f0 \u00e1herslu \u00e1 aukna \u00feekkingu, umb\u00e6tur og n\u00fdsk\u00f6pun til a\u00f0 m\u00e6ta samf\u00e9lagslegum \u00e1skorunum \u00e1 svi\u00f0i mannvirkjager\u00f0ar. Opna\u00f0 er fyrir ums\u00f3knir \u00ed lok september \u00e1r hvert. Ums\u00f3knarfrestur: ~ sep. 2026","og_url":"https:\/\/heklan.is\/en\/vidburdir\/askur\/","og_site_name":"Heklan atvinnu\u00fer\u00f3un","article_publisher":"https:\/\/www.facebook.com\/sudurnes","article_modified_time":"2026-09-01T00:06:39+00:00","og_image":[{"width":2560,"height":1920,"url":"https:\/\/heklan.is\/wp-content\/uploads\/2026\/03\/20190908_THRAINN_145753-scaled-1.jpg","type":"image\/jpeg"}],"twitter_card":"summary_large_image","schema":{"@context":"https:\/\/schema.org","@graph":[{"@type":"WebPage","@id":"https:\/\/heklan.is\/vidburdir\/askur\/","url":"https:\/\/heklan.is\/vidburdir\/askur\/","name":"Askur - Heklan atvinnu\u00fer\u00f3un","isPartOf":{"@id":"https:\/\/heklan.is\/#website"},"primaryImageOfPage":{"@id":"https:\/\/heklan.is\/vidburdir\/askur\/#primaryimage"},"image":{"@id":"https:\/\/heklan.is\/vidburdir\/askur\/#primaryimage"},"thumbnailUrl":"https:\/\/heklan.is\/wp-content\/uploads\/2026\/03\/20190908_THRAINN_145753-scaled-1.jpg","datePublished":"2026-03-02T12:13:14+00:00","dateModified":"2026-09-01T00:06:39+00:00","breadcrumb":{"@id":"https:\/\/heklan.is\/vidburdir\/askur\/#breadcrumb"},"inLanguage":"en-US","potentialAction":[{"@type":"ReadAction","target":["https:\/\/heklan.is\/vidburdir\/askur\/"]}]},{"@type":"ImageObject","inLanguage":"en-US","@id":"https:\/\/heklan.is\/vidburdir\/askur\/#primaryimage","url":"https:\/\/heklan.is\/wp-content\/uploads\/2026\/03\/20190908_THRAINN_145753-scaled-1.jpg","contentUrl":"https:\/\/heklan.is\/wp-content\/uploads\/2026\/03\/20190908_THRAINN_145753-scaled-1.jpg","width":2560,"height":1920},{"@type":"BreadcrumbList","@id":"https:\/\/heklan.is\/vidburdir\/askur\/#breadcrumb","itemListElement":[{"@type":"ListItem","position":1,"name":"Home","item":"https:\/\/heklan.is\/"},{"@type":"ListItem","position":2,"name":"Vi\u00f0bur\u00f0ir","item":"https:\/\/heklan.is\/vidburdir\/"},{"@type":"ListItem","position":3,"name":"Askur"}]},{"@type":"WebSite","@id":"https:\/\/heklan.is\/#website","url":"https:\/\/heklan.is\/","name":"The Hekla Career Development","description":"","publisher":{"@id":"https:\/\/heklan.is\/#organization"},"alternateName":"Heklan","potentialAction":[{"@type":"SearchAction","target":{"@type":"EntryPoint","urlTemplate":"https:\/\/heklan.is\/?s={search_term_string}"},"query-input":{"@type":"PropertyValueSpecification","valueRequired":true,"valueName":"search_term_string"}}],"inLanguage":"en-US"},{"@type":"Organization","@id":"https:\/\/heklan.is\/#organization","name":"The Hekla Career Development","alternateName":"Heklan","url":"https:\/\/heklan.is\/","logo":{"@type":"ImageObject","inLanguage":"en-US","@id":"https:\/\/heklan.is\/#\/schema\/logo\/image\/","url":"https:\/\/heklan.is\/wp-content\/uploads\/2025\/09\/heklan-logo-dark.png","contentUrl":"https:\/\/heklan.is\/wp-content\/uploads\/2025\/09\/heklan-logo-dark.png","width":700,"height":143,"caption":"Heklan atvinnu\u00fer\u00f3un"},"image":{"@id":"https:\/\/heklan.is\/#\/schema\/logo\/image\/"},"sameAs":["https:\/\/www.facebook.com\/sudurnes"]}]}},"_links":{"self":[{"href":"https:\/\/heklan.is\/en\/wp-json\/wp\/v2\/events\/2977","targetHints":{"allow":["GET"]}}],"collection":[{"href":"https:\/\/heklan.is\/en\/wp-json\/wp\/v2\/events"}],"about":[{"href":"https:\/\/heklan.is\/en\/wp-json\/wp\/v2\/types\/events"}],"version-history":[{"count":1,"href":"https:\/\/heklan.is\/en\/wp-json\/wp\/v2\/events\/2977\/revisions"}],"predecessor-version":[{"id":3016,"href":"https:\/\/heklan.is\/en\/wp-json\/wp\/v2\/events\/2977\/revisions\/3016"}],"wp:featuredmedia":[{"embeddable":true,"href":"https:\/\/heklan.is\/en\/wp-json\/wp\/v2\/media\/2965"}],"wp:attachment":[{"href":"https:\/\/heklan.is\/en\/wp-json\/wp\/v2\/media?parent=2977"}],"wp:term":[{"taxonomy":"event_category","embeddable":true,"href":"https:\/\/heklan.is\/en\/wp-json\/wp\/v2\/event_category?post=2977"}],"curies":[{"name":"WordPress","href":"https:\/\/api.w.org\/{rel}","templated":true}]}}