{"id":2989,"date":"2026-03-02T12:13:14","date_gmt":"2026-03-02T12:13:14","guid":{"rendered":"https:\/\/heklan.is\/vidburdir\/visinda-og-rannsoknasjodur-sudurlands\/"},"modified":"2026-09-01T00:06:40","modified_gmt":"2026-09-01T00:06:40","slug":"visinda-og-rannsoknasjodur-sudurlands","status":"publish","type":"events","link":"https:\/\/heklan.is\/en\/vidburdir\/visinda-og-rannsoknasjodur-sudurlands\/","title":{"rendered":"Southlands Science and Research Fund"},"content":{"rendered":"<p>The Science and Research Fund of Su\u00f0urland provides grants for students working on a research project for a final degree at the university level, including projects related to innovation. The projects applied for must be related to Su\u00f0urland.<\/p>\n<p>Application deadline: ~ Jan. 2027<\/p>","protected":false},"excerpt":{"rendered":"<p>V\u00edsinda- og ranns\u00f3knarsj\u00f3\u00f0ur Su\u00f0urlands veitir styrki sem \u00e6tla\u00f0ir eru n\u00e1msf\u00f3lki sem vinnur a\u00f0 ranns\u00f3knarverkefni til lokapr\u00f3fs \u00e1 h\u00e1sk\u00f3lastigi, \u00fear me\u00f0 tali\u00f0 verkefna er tengjast n\u00fdsk\u00f6pun. Verkefnin sem s\u00f3tt er um \u00feurfa a\u00f0 tengjast Su\u00f0urlandi. Ums\u00f3knarfrestur: ~ jan. 2027<\/p>","protected":false},"featured_media":2965,"template":"","event_category":[27],"class_list":["post-2989","events","type-events","status-publish","has-post-thumbnail","hentry","event_category-styrkir"],"blocksy_meta":{"styles_descriptor":{"styles":{"desktop":"","tablet":"","mobile":""},"google_fonts":[],"version":7}},"acf":[],"yoast_head":"<!-- This site is optimized with the Yoast SEO plugin v28.2 - https:\/\/yoast.com\/product\/yoast-seo-wordpress\/ -->\n<title>V\u00edsinda- og ranns\u00f3knasj\u00f3\u00f0ur Su\u00f0urlands - Heklan atvinnu\u00fer\u00f3un<\/title>\n<meta name=\"robots\" content=\"index, follow, max-snippet:-1, max-image-preview:large, max-video-preview:-1\" \/>\n<link rel=\"canonical\" href=\"https:\/\/heklan.is\/en\/vidburdir\/visinda-og-rannsoknasjodur-sudurlands\/\" \/>\n<meta property=\"og:locale\" content=\"en_US\" \/>\n<meta property=\"og:type\" content=\"article\" \/>\n<meta property=\"og:title\" content=\"V\u00edsinda- og ranns\u00f3knasj\u00f3\u00f0ur Su\u00f0urlands - Heklan atvinnu\u00fer\u00f3un\" \/>\n<meta property=\"og:description\" content=\"V\u00edsinda- og ranns\u00f3knarsj\u00f3\u00f0ur Su\u00f0urlands veitir styrki sem \u00e6tla\u00f0ir eru n\u00e1msf\u00f3lki sem vinnur a\u00f0 ranns\u00f3knarverkefni til lokapr\u00f3fs \u00e1 h\u00e1sk\u00f3lastigi, \u00fear me\u00f0 tali\u00f0 verkefna er tengjast n\u00fdsk\u00f6pun. Verkefnin sem s\u00f3tt er um \u00feurfa a\u00f0 tengjast Su\u00f0urlandi. Ums\u00f3knarfrestur: ~ jan. 2027\" \/>\n<meta property=\"og:url\" content=\"https:\/\/heklan.is\/en\/vidburdir\/visinda-og-rannsoknasjodur-sudurlands\/\" \/>\n<meta property=\"og:site_name\" content=\"Heklan atvinnu\u00fer\u00f3un\" \/>\n<meta property=\"article:publisher\" content=\"https:\/\/www.facebook.com\/sudurnes\" \/>\n<meta property=\"article:modified_time\" content=\"2026-09-01T00:06:40+00:00\" \/>\n<meta property=\"og:image\" content=\"https:\/\/heklan.is\/wp-content\/uploads\/2026\/03\/20190908_THRAINN_145753-scaled-1.jpg\" \/>\n\t<meta property=\"og:image:width\" content=\"2560\" \/>\n\t<meta property=\"og:image:height\" content=\"1920\" \/>\n\t<meta property=\"og:image:type\" content=\"image\/jpeg\" \/>\n<meta name=\"twitter:card\" content=\"summary_large_image\" \/>\n<script type=\"application\/ld+json\" class=\"yoast-schema-graph\">{\"@context\":\"https:\\\/\\\/schema.org\",\"@graph\":[{\"@type\":\"WebPage\",\"@id\":\"https:\\\/\\\/heklan.is\\\/vidburdir\\\/visinda-og-rannsoknasjodur-sudurlands\\\/\",\"url\":\"https:\\\/\\\/heklan.is\\\/vidburdir\\\/visinda-og-rannsoknasjodur-sudurlands\\\/\",\"name\":\"V\u00edsinda- og ranns\u00f3knasj\u00f3\u00f0ur Su\u00f0urlands - Heklan atvinnu\u00fer\u00f3un\",\"isPartOf\":{\"@id\":\"https:\\\/\\\/heklan.is\\\/#website\"},\"primaryImageOfPage\":{\"@id\":\"https:\\\/\\\/heklan.is\\\/vidburdir\\\/visinda-og-rannsoknasjodur-sudurlands\\\/#primaryimage\"},\"image\":{\"@id\":\"https:\\\/\\\/heklan.is\\\/vidburdir\\\/visinda-og-rannsoknasjodur-sudurlands\\\/#primaryimage\"},\"thumbnailUrl\":\"https:\\\/\\\/heklan.is\\\/wp-content\\\/uploads\\\/2026\\\/03\\\/20190908_THRAINN_145753-scaled-1.jpg\",\"datePublished\":\"2026-03-02T12:13:14+00:00\",\"dateModified\":\"2026-09-01T00:06:40+00:00\",\"breadcrumb\":{\"@id\":\"https:\\\/\\\/heklan.is\\\/vidburdir\\\/visinda-og-rannsoknasjodur-sudurlands\\\/#breadcrumb\"},\"inLanguage\":\"en-US\",\"potentialAction\":[{\"@type\":\"ReadAction\",\"target\":[\"https:\\\/\\\/heklan.is\\\/vidburdir\\\/visinda-og-rannsoknasjodur-sudurlands\\\/\"]}]},{\"@type\":\"ImageObject\",\"inLanguage\":\"en-US\",\"@id\":\"https:\\\/\\\/heklan.is\\\/vidburdir\\\/visinda-og-rannsoknasjodur-sudurlands\\\/#primaryimage\",\"url\":\"https:\\\/\\\/heklan.is\\\/wp-content\\\/uploads\\\/2026\\\/03\\\/20190908_THRAINN_145753-scaled-1.jpg\",\"contentUrl\":\"https:\\\/\\\/heklan.is\\\/wp-content\\\/uploads\\\/2026\\\/03\\\/20190908_THRAINN_145753-scaled-1.jpg\",\"width\":2560,\"height\":1920},{\"@type\":\"BreadcrumbList\",\"@id\":\"https:\\\/\\\/heklan.is\\\/vidburdir\\\/visinda-og-rannsoknasjodur-sudurlands\\\/#breadcrumb\",\"itemListElement\":[{\"@type\":\"ListItem\",\"position\":1,\"name\":\"Home\",\"item\":\"https:\\\/\\\/heklan.is\\\/\"},{\"@type\":\"ListItem\",\"position\":2,\"name\":\"Vi\u00f0bur\u00f0ir\",\"item\":\"https:\\\/\\\/heklan.is\\\/vidburdir\\\/\"},{\"@type\":\"ListItem\",\"position\":3,\"name\":\"V\u00edsinda- og ranns\u00f3knasj\u00f3\u00f0ur Su\u00f0urlands\"}]},{\"@type\":\"WebSite\",\"@id\":\"https:\\\/\\\/heklan.is\\\/#website\",\"url\":\"https:\\\/\\\/heklan.is\\\/\",\"name\":\"Heklan atvinnu\u00fer\u00f3un\",\"description\":\"\",\"publisher\":{\"@id\":\"https:\\\/\\\/heklan.is\\\/#organization\"},\"alternateName\":\"Heklan\",\"potentialAction\":[{\"@type\":\"SearchAction\",\"target\":{\"@type\":\"EntryPoint\",\"urlTemplate\":\"https:\\\/\\\/heklan.is\\\/?s={search_term_string}\"},\"query-input\":{\"@type\":\"PropertyValueSpecification\",\"valueRequired\":true,\"valueName\":\"search_term_string\"}}],\"inLanguage\":\"en-US\"},{\"@type\":\"Organization\",\"@id\":\"https:\\\/\\\/heklan.is\\\/#organization\",\"name\":\"Heklan atvinnu\u00fer\u00f3un\",\"alternateName\":\"Heklan\",\"url\":\"https:\\\/\\\/heklan.is\\\/\",\"logo\":{\"@type\":\"ImageObject\",\"inLanguage\":\"en-US\",\"@id\":\"https:\\\/\\\/heklan.is\\\/#\\\/schema\\\/logo\\\/image\\\/\",\"url\":\"https:\\\/\\\/heklan.is\\\/wp-content\\\/uploads\\\/2025\\\/09\\\/heklan-logo-dark.png\",\"contentUrl\":\"https:\\\/\\\/heklan.is\\\/wp-content\\\/uploads\\\/2025\\\/09\\\/heklan-logo-dark.png\",\"width\":700,\"height\":143,\"caption\":\"Heklan atvinnu\u00fer\u00f3un\"},\"image\":{\"@id\":\"https:\\\/\\\/heklan.is\\\/#\\\/schema\\\/logo\\\/image\\\/\"},\"sameAs\":[\"https:\\\/\\\/www.facebook.com\\\/sudurnes\"]}]}<\/script>\n<!-- \/ Yoast SEO plugin. -->","yoast_head_json":{"title":"V\u00edsinda- og ranns\u00f3knasj\u00f3\u00f0ur Su\u00f0urlands - Heklan atvinnu\u00fer\u00f3un","robots":{"index":"index","follow":"follow","max-snippet":"max-snippet:-1","max-image-preview":"max-image-preview:large","max-video-preview":"max-video-preview:-1"},"canonical":"https:\/\/heklan.is\/en\/vidburdir\/visinda-og-rannsoknasjodur-sudurlands\/","og_locale":"en_US","og_type":"article","og_title":"V\u00edsinda- og ranns\u00f3knasj\u00f3\u00f0ur Su\u00f0urlands - Heklan atvinnu\u00fer\u00f3un","og_description":"V\u00edsinda- og ranns\u00f3knarsj\u00f3\u00f0ur Su\u00f0urlands veitir styrki sem \u00e6tla\u00f0ir eru n\u00e1msf\u00f3lki sem vinnur a\u00f0 ranns\u00f3knarverkefni til lokapr\u00f3fs \u00e1 h\u00e1sk\u00f3lastigi, \u00fear me\u00f0 tali\u00f0 verkefna er tengjast n\u00fdsk\u00f6pun. Verkefnin sem s\u00f3tt er um \u00feurfa a\u00f0 tengjast Su\u00f0urlandi. Ums\u00f3knarfrestur: ~ jan. 2027","og_url":"https:\/\/heklan.is\/en\/vidburdir\/visinda-og-rannsoknasjodur-sudurlands\/","og_site_name":"Heklan atvinnu\u00fer\u00f3un","article_publisher":"https:\/\/www.facebook.com\/sudurnes","article_modified_time":"2026-09-01T00:06:40+00:00","og_image":[{"width":2560,"height":1920,"url":"https:\/\/heklan.is\/wp-content\/uploads\/2026\/03\/20190908_THRAINN_145753-scaled-1.jpg","type":"image\/jpeg"}],"twitter_card":"summary_large_image","schema":{"@context":"https:\/\/schema.org","@graph":[{"@type":"WebPage","@id":"https:\/\/heklan.is\/vidburdir\/visinda-og-rannsoknasjodur-sudurlands\/","url":"https:\/\/heklan.is\/vidburdir\/visinda-og-rannsoknasjodur-sudurlands\/","name":"V\u00edsinda- og ranns\u00f3knasj\u00f3\u00f0ur Su\u00f0urlands - Heklan atvinnu\u00fer\u00f3un","isPartOf":{"@id":"https:\/\/heklan.is\/#website"},"primaryImageOfPage":{"@id":"https:\/\/heklan.is\/vidburdir\/visinda-og-rannsoknasjodur-sudurlands\/#primaryimage"},"image":{"@id":"https:\/\/heklan.is\/vidburdir\/visinda-og-rannsoknasjodur-sudurlands\/#primaryimage"},"thumbnailUrl":"https:\/\/heklan.is\/wp-content\/uploads\/2026\/03\/20190908_THRAINN_145753-scaled-1.jpg","datePublished":"2026-03-02T12:13:14+00:00","dateModified":"2026-09-01T00:06:40+00:00","breadcrumb":{"@id":"https:\/\/heklan.is\/vidburdir\/visinda-og-rannsoknasjodur-sudurlands\/#breadcrumb"},"inLanguage":"en-US","potentialAction":[{"@type":"ReadAction","target":["https:\/\/heklan.is\/vidburdir\/visinda-og-rannsoknasjodur-sudurlands\/"]}]},{"@type":"ImageObject","inLanguage":"en-US","@id":"https:\/\/heklan.is\/vidburdir\/visinda-og-rannsoknasjodur-sudurlands\/#primaryimage","url":"https:\/\/heklan.is\/wp-content\/uploads\/2026\/03\/20190908_THRAINN_145753-scaled-1.jpg","contentUrl":"https:\/\/heklan.is\/wp-content\/uploads\/2026\/03\/20190908_THRAINN_145753-scaled-1.jpg","width":2560,"height":1920},{"@type":"BreadcrumbList","@id":"https:\/\/heklan.is\/vidburdir\/visinda-og-rannsoknasjodur-sudurlands\/#breadcrumb","itemListElement":[{"@type":"ListItem","position":1,"name":"Home","item":"https:\/\/heklan.is\/"},{"@type":"ListItem","position":2,"name":"Vi\u00f0bur\u00f0ir","item":"https:\/\/heklan.is\/vidburdir\/"},{"@type":"ListItem","position":3,"name":"V\u00edsinda- og ranns\u00f3knasj\u00f3\u00f0ur Su\u00f0urlands"}]},{"@type":"WebSite","@id":"https:\/\/heklan.is\/#website","url":"https:\/\/heklan.is\/","name":"The Hekla Career Development","description":"","publisher":{"@id":"https:\/\/heklan.is\/#organization"},"alternateName":"Heklan","potentialAction":[{"@type":"SearchAction","target":{"@type":"EntryPoint","urlTemplate":"https:\/\/heklan.is\/?s={search_term_string}"},"query-input":{"@type":"PropertyValueSpecification","valueRequired":true,"valueName":"search_term_string"}}],"inLanguage":"en-US"},{"@type":"Organization","@id":"https:\/\/heklan.is\/#organization","name":"The Hekla Career Development","alternateName":"Heklan","url":"https:\/\/heklan.is\/","logo":{"@type":"ImageObject","inLanguage":"en-US","@id":"https:\/\/heklan.is\/#\/schema\/logo\/image\/","url":"https:\/\/heklan.is\/wp-content\/uploads\/2025\/09\/heklan-logo-dark.png","contentUrl":"https:\/\/heklan.is\/wp-content\/uploads\/2025\/09\/heklan-logo-dark.png","width":700,"height":143,"caption":"Heklan atvinnu\u00fer\u00f3un"},"image":{"@id":"https:\/\/heklan.is\/#\/schema\/logo\/image\/"},"sameAs":["https:\/\/www.facebook.com\/sudurnes"]}]}},"_links":{"self":[{"href":"https:\/\/heklan.is\/en\/wp-json\/wp\/v2\/events\/2989","targetHints":{"allow":["GET"]}}],"collection":[{"href":"https:\/\/heklan.is\/en\/wp-json\/wp\/v2\/events"}],"about":[{"href":"https:\/\/heklan.is\/en\/wp-json\/wp\/v2\/types\/events"}],"version-history":[{"count":1,"href":"https:\/\/heklan.is\/en\/wp-json\/wp\/v2\/events\/2989\/revisions"}],"predecessor-version":[{"id":3028,"href":"https:\/\/heklan.is\/en\/wp-json\/wp\/v2\/events\/2989\/revisions\/3028"}],"wp:featuredmedia":[{"embeddable":true,"href":"https:\/\/heklan.is\/en\/wp-json\/wp\/v2\/media\/2965"}],"wp:attachment":[{"href":"https:\/\/heklan.is\/en\/wp-json\/wp\/v2\/media?parent=2989"}],"wp:term":[{"taxonomy":"event_category","embeddable":true,"href":"https:\/\/heklan.is\/en\/wp-json\/wp\/v2\/event_category?post=2989"}],"curies":[{"name":"WordPress","href":"https:\/\/api.w.org\/{rel}","templated":true}]}}