{"id":3037,"date":"2026-03-17T12:22:51","date_gmt":"2026-03-17T12:22:51","guid":{"rendered":"https:\/\/heklan.is\/vidburdir\/atvinnumal-kvenna-2\/"},"modified":"2026-09-01T00:06:40","modified_gmt":"2026-09-01T00:06:40","slug":"atvinnumal-kvenna-2","status":"publish","type":"events","link":"https:\/\/heklan.is\/en\/vidburdir\/atvinnumal-kvenna-2\/","title":{"rendered":"Women&#x27;s employment \ud83e\uddb8\u200d\u2640\ufe0f"},"content":{"rendered":"<p>Styrkjum til atvinnum\u00e1la kvenna er \u00fathluta\u00f0 einu sinni \u00e1 \u00e1ri en \u00feeir eru \u00e6tla\u00f0ir konum sem eru a\u00f0 vinna a\u00f0 vi\u00f0skiptahugmynd e\u00f0a \u00fer\u00f3a verkefni.  Markmi\u00f0i er a\u00f0 auka a\u00f0gengi frumkv\u00f6\u00f0lakvenna a\u00f0 fj\u00e1rmagni. H\u00e1marksstyrkur er 4 millj\u00f3nir og styrkur vegna vi\u00f0skipta\u00e1\u00e6tlunar er 600 \u00fe\u00fasund. A\u00f0ilar sem f\u00e1 styrk vegna vi\u00f0skipta\u00e1\u00e6tlunar f\u00e1 a\u00f0gang a\u00f0 tveggja vikna hra\u00f0li \u00e1 vegum Senze og \u00ed lok hra\u00f0als vinnur besta vi\u00f0skipta\u00e1\u00e6tlunin auka 1.000.000 kr.<\/p>\n<p>Application deadline: ~ Mar. 2027<\/p>","protected":false},"excerpt":{"rendered":"<p>Styrkjum til atvinnum\u00e1la kvenna er \u00fathluta\u00f0 einu sinni \u00e1 \u00e1ri en \u00feeir eru \u00e6tla\u00f0ir konum sem eru a\u00f0 vinna a\u00f0 vi\u00f0skiptahugmynd e\u00f0a \u00fer\u00f3a verkefni. Markmi\u00f0i er a\u00f0 auka a\u00f0gengi frumkv\u00f6\u00f0lakvenna a\u00f0 fj\u00e1rmagni. H\u00e1marksstyrkur er 4 millj\u00f3nir og styrkur vegna vi\u00f0skipta\u00e1\u00e6tlunar er 600 \u00fe\u00fasund. A\u00f0ilar sem f\u00e1 styrk vegna vi\u00f0skipta\u00e1\u00e6tlunar f\u00e1 a\u00f0gang a\u00f0 tveggja vikna hra\u00f0li [&hellip;]<\/p>\n","protected":false},"featured_media":2965,"template":"","event_category":[27],"class_list":["post-3037","events","type-events","status-publish","has-post-thumbnail","hentry","event_category-styrkir"],"blocksy_meta":{"styles_descriptor":{"styles":{"desktop":"","tablet":"","mobile":""},"google_fonts":[],"version":7}},"acf":[],"yoast_head":"<!-- This site is optimized with the Yoast SEO plugin v28.2 - https:\/\/yoast.com\/product\/yoast-seo-wordpress\/ -->\n<title>Atvinnum\u00e1l kvenna \ud83e\uddb8\u200d\u2640\ufe0f - Heklan atvinnu\u00fer\u00f3un<\/title>\n<meta name=\"robots\" content=\"index, follow, max-snippet:-1, max-image-preview:large, max-video-preview:-1\" \/>\n<link rel=\"canonical\" href=\"https:\/\/heklan.is\/en\/vidburdir\/atvinnumal-kvenna-2\/\" \/>\n<meta property=\"og:locale\" content=\"en_US\" \/>\n<meta property=\"og:type\" content=\"article\" \/>\n<meta property=\"og:title\" content=\"Atvinnum\u00e1l kvenna \ud83e\uddb8\u200d\u2640\ufe0f - Heklan atvinnu\u00fer\u00f3un\" \/>\n<meta property=\"og:description\" content=\"Styrkjum til atvinnum\u00e1la kvenna er \u00fathluta\u00f0 einu sinni \u00e1 \u00e1ri en \u00feeir eru \u00e6tla\u00f0ir konum sem eru a\u00f0 vinna a\u00f0 vi\u00f0skiptahugmynd e\u00f0a \u00fer\u00f3a verkefni. Markmi\u00f0i er a\u00f0 auka a\u00f0gengi frumkv\u00f6\u00f0lakvenna a\u00f0 fj\u00e1rmagni. H\u00e1marksstyrkur er 4 millj\u00f3nir og styrkur vegna vi\u00f0skipta\u00e1\u00e6tlunar er 600 \u00fe\u00fasund. A\u00f0ilar sem f\u00e1 styrk vegna vi\u00f0skipta\u00e1\u00e6tlunar f\u00e1 a\u00f0gang a\u00f0 tveggja vikna hra\u00f0li [&hellip;]\" \/>\n<meta property=\"og:url\" content=\"https:\/\/heklan.is\/en\/vidburdir\/atvinnumal-kvenna-2\/\" \/>\n<meta property=\"og:site_name\" content=\"Heklan atvinnu\u00fer\u00f3un\" \/>\n<meta property=\"article:publisher\" content=\"https:\/\/www.facebook.com\/sudurnes\" \/>\n<meta property=\"article:modified_time\" content=\"2026-09-01T00:06:40+00:00\" \/>\n<meta property=\"og:image\" content=\"https:\/\/heklan.is\/wp-content\/uploads\/2026\/03\/20190908_THRAINN_145753-scaled-1.jpg\" \/>\n\t<meta property=\"og:image:width\" content=\"2560\" \/>\n\t<meta property=\"og:image:height\" content=\"1920\" \/>\n\t<meta property=\"og:image:type\" content=\"image\/jpeg\" \/>\n<meta name=\"twitter:card\" content=\"summary_large_image\" \/>\n<script type=\"application\/ld+json\" class=\"yoast-schema-graph\">{\"@context\":\"https:\\\/\\\/schema.org\",\"@graph\":[{\"@type\":\"WebPage\",\"@id\":\"https:\\\/\\\/heklan.is\\\/vidburdir\\\/atvinnumal-kvenna-2\\\/\",\"url\":\"https:\\\/\\\/heklan.is\\\/vidburdir\\\/atvinnumal-kvenna-2\\\/\",\"name\":\"Atvinnum\u00e1l kvenna \ud83e\uddb8\u200d\u2640\ufe0f - Heklan atvinnu\u00fer\u00f3un\",\"isPartOf\":{\"@id\":\"https:\\\/\\\/heklan.is\\\/#website\"},\"primaryImageOfPage\":{\"@id\":\"https:\\\/\\\/heklan.is\\\/vidburdir\\\/atvinnumal-kvenna-2\\\/#primaryimage\"},\"image\":{\"@id\":\"https:\\\/\\\/heklan.is\\\/vidburdir\\\/atvinnumal-kvenna-2\\\/#primaryimage\"},\"thumbnailUrl\":\"https:\\\/\\\/heklan.is\\\/wp-content\\\/uploads\\\/2026\\\/03\\\/20190908_THRAINN_145753-scaled-1.jpg\",\"datePublished\":\"2026-03-17T12:22:51+00:00\",\"dateModified\":\"2026-09-01T00:06:40+00:00\",\"breadcrumb\":{\"@id\":\"https:\\\/\\\/heklan.is\\\/vidburdir\\\/atvinnumal-kvenna-2\\\/#breadcrumb\"},\"inLanguage\":\"en-US\",\"potentialAction\":[{\"@type\":\"ReadAction\",\"target\":[\"https:\\\/\\\/heklan.is\\\/vidburdir\\\/atvinnumal-kvenna-2\\\/\"]}]},{\"@type\":\"ImageObject\",\"inLanguage\":\"en-US\",\"@id\":\"https:\\\/\\\/heklan.is\\\/vidburdir\\\/atvinnumal-kvenna-2\\\/#primaryimage\",\"url\":\"https:\\\/\\\/heklan.is\\\/wp-content\\\/uploads\\\/2026\\\/03\\\/20190908_THRAINN_145753-scaled-1.jpg\",\"contentUrl\":\"https:\\\/\\\/heklan.is\\\/wp-content\\\/uploads\\\/2026\\\/03\\\/20190908_THRAINN_145753-scaled-1.jpg\",\"width\":2560,\"height\":1920},{\"@type\":\"BreadcrumbList\",\"@id\":\"https:\\\/\\\/heklan.is\\\/vidburdir\\\/atvinnumal-kvenna-2\\\/#breadcrumb\",\"itemListElement\":[{\"@type\":\"ListItem\",\"position\":1,\"name\":\"Home\",\"item\":\"https:\\\/\\\/heklan.is\\\/\"},{\"@type\":\"ListItem\",\"position\":2,\"name\":\"Vi\u00f0bur\u00f0ir\",\"item\":\"https:\\\/\\\/heklan.is\\\/vidburdir\\\/\"},{\"@type\":\"ListItem\",\"position\":3,\"name\":\"Atvinnum\u00e1l kvenna \ud83e\uddb8\u200d\u2640\ufe0f\"}]},{\"@type\":\"WebSite\",\"@id\":\"https:\\\/\\\/heklan.is\\\/#website\",\"url\":\"https:\\\/\\\/heklan.is\\\/\",\"name\":\"Heklan atvinnu\u00fer\u00f3un\",\"description\":\"\",\"publisher\":{\"@id\":\"https:\\\/\\\/heklan.is\\\/#organization\"},\"alternateName\":\"Heklan\",\"potentialAction\":[{\"@type\":\"SearchAction\",\"target\":{\"@type\":\"EntryPoint\",\"urlTemplate\":\"https:\\\/\\\/heklan.is\\\/?s={search_term_string}\"},\"query-input\":{\"@type\":\"PropertyValueSpecification\",\"valueRequired\":true,\"valueName\":\"search_term_string\"}}],\"inLanguage\":\"en-US\"},{\"@type\":\"Organization\",\"@id\":\"https:\\\/\\\/heklan.is\\\/#organization\",\"name\":\"Heklan atvinnu\u00fer\u00f3un\",\"alternateName\":\"Heklan\",\"url\":\"https:\\\/\\\/heklan.is\\\/\",\"logo\":{\"@type\":\"ImageObject\",\"inLanguage\":\"en-US\",\"@id\":\"https:\\\/\\\/heklan.is\\\/#\\\/schema\\\/logo\\\/image\\\/\",\"url\":\"https:\\\/\\\/heklan.is\\\/wp-content\\\/uploads\\\/2025\\\/09\\\/heklan-logo-dark.png\",\"contentUrl\":\"https:\\\/\\\/heklan.is\\\/wp-content\\\/uploads\\\/2025\\\/09\\\/heklan-logo-dark.png\",\"width\":700,\"height\":143,\"caption\":\"Heklan atvinnu\u00fer\u00f3un\"},\"image\":{\"@id\":\"https:\\\/\\\/heklan.is\\\/#\\\/schema\\\/logo\\\/image\\\/\"},\"sameAs\":[\"https:\\\/\\\/www.facebook.com\\\/sudurnes\"]}]}<\/script>\n<!-- \/ Yoast SEO plugin. -->","yoast_head_json":{"title":"Atvinnum\u00e1l kvenna \ud83e\uddb8\u200d\u2640\ufe0f - Heklan atvinnu\u00fer\u00f3un","robots":{"index":"index","follow":"follow","max-snippet":"max-snippet:-1","max-image-preview":"max-image-preview:large","max-video-preview":"max-video-preview:-1"},"canonical":"https:\/\/heklan.is\/en\/vidburdir\/atvinnumal-kvenna-2\/","og_locale":"en_US","og_type":"article","og_title":"Atvinnum\u00e1l kvenna \ud83e\uddb8\u200d\u2640\ufe0f - Heklan atvinnu\u00fer\u00f3un","og_description":"Styrkjum til atvinnum\u00e1la kvenna er \u00fathluta\u00f0 einu sinni \u00e1 \u00e1ri en \u00feeir eru \u00e6tla\u00f0ir konum sem eru a\u00f0 vinna a\u00f0 vi\u00f0skiptahugmynd e\u00f0a \u00fer\u00f3a verkefni. Markmi\u00f0i er a\u00f0 auka a\u00f0gengi frumkv\u00f6\u00f0lakvenna a\u00f0 fj\u00e1rmagni. H\u00e1marksstyrkur er 4 millj\u00f3nir og styrkur vegna vi\u00f0skipta\u00e1\u00e6tlunar er 600 \u00fe\u00fasund. A\u00f0ilar sem f\u00e1 styrk vegna vi\u00f0skipta\u00e1\u00e6tlunar f\u00e1 a\u00f0gang a\u00f0 tveggja vikna hra\u00f0li [&hellip;]","og_url":"https:\/\/heklan.is\/en\/vidburdir\/atvinnumal-kvenna-2\/","og_site_name":"Heklan atvinnu\u00fer\u00f3un","article_publisher":"https:\/\/www.facebook.com\/sudurnes","article_modified_time":"2026-09-01T00:06:40+00:00","og_image":[{"width":2560,"height":1920,"url":"https:\/\/heklan.is\/wp-content\/uploads\/2026\/03\/20190908_THRAINN_145753-scaled-1.jpg","type":"image\/jpeg"}],"twitter_card":"summary_large_image","schema":{"@context":"https:\/\/schema.org","@graph":[{"@type":"WebPage","@id":"https:\/\/heklan.is\/vidburdir\/atvinnumal-kvenna-2\/","url":"https:\/\/heklan.is\/vidburdir\/atvinnumal-kvenna-2\/","name":"Atvinnum\u00e1l kvenna \ud83e\uddb8\u200d\u2640\ufe0f - Heklan atvinnu\u00fer\u00f3un","isPartOf":{"@id":"https:\/\/heklan.is\/#website"},"primaryImageOfPage":{"@id":"https:\/\/heklan.is\/vidburdir\/atvinnumal-kvenna-2\/#primaryimage"},"image":{"@id":"https:\/\/heklan.is\/vidburdir\/atvinnumal-kvenna-2\/#primaryimage"},"thumbnailUrl":"https:\/\/heklan.is\/wp-content\/uploads\/2026\/03\/20190908_THRAINN_145753-scaled-1.jpg","datePublished":"2026-03-17T12:22:51+00:00","dateModified":"2026-09-01T00:06:40+00:00","breadcrumb":{"@id":"https:\/\/heklan.is\/vidburdir\/atvinnumal-kvenna-2\/#breadcrumb"},"inLanguage":"en-US","potentialAction":[{"@type":"ReadAction","target":["https:\/\/heklan.is\/vidburdir\/atvinnumal-kvenna-2\/"]}]},{"@type":"ImageObject","inLanguage":"en-US","@id":"https:\/\/heklan.is\/vidburdir\/atvinnumal-kvenna-2\/#primaryimage","url":"https:\/\/heklan.is\/wp-content\/uploads\/2026\/03\/20190908_THRAINN_145753-scaled-1.jpg","contentUrl":"https:\/\/heklan.is\/wp-content\/uploads\/2026\/03\/20190908_THRAINN_145753-scaled-1.jpg","width":2560,"height":1920},{"@type":"BreadcrumbList","@id":"https:\/\/heklan.is\/vidburdir\/atvinnumal-kvenna-2\/#breadcrumb","itemListElement":[{"@type":"ListItem","position":1,"name":"Home","item":"https:\/\/heklan.is\/"},{"@type":"ListItem","position":2,"name":"Vi\u00f0bur\u00f0ir","item":"https:\/\/heklan.is\/vidburdir\/"},{"@type":"ListItem","position":3,"name":"Atvinnum\u00e1l kvenna \ud83e\uddb8\u200d\u2640\ufe0f"}]},{"@type":"WebSite","@id":"https:\/\/heklan.is\/#website","url":"https:\/\/heklan.is\/","name":"The Hekla Career Development","description":"","publisher":{"@id":"https:\/\/heklan.is\/#organization"},"alternateName":"Heklan","potentialAction":[{"@type":"SearchAction","target":{"@type":"EntryPoint","urlTemplate":"https:\/\/heklan.is\/?s={search_term_string}"},"query-input":{"@type":"PropertyValueSpecification","valueRequired":true,"valueName":"search_term_string"}}],"inLanguage":"en-US"},{"@type":"Organization","@id":"https:\/\/heklan.is\/#organization","name":"The Hekla Career Development","alternateName":"Heklan","url":"https:\/\/heklan.is\/","logo":{"@type":"ImageObject","inLanguage":"en-US","@id":"https:\/\/heklan.is\/#\/schema\/logo\/image\/","url":"https:\/\/heklan.is\/wp-content\/uploads\/2025\/09\/heklan-logo-dark.png","contentUrl":"https:\/\/heklan.is\/wp-content\/uploads\/2025\/09\/heklan-logo-dark.png","width":700,"height":143,"caption":"Heklan atvinnu\u00fer\u00f3un"},"image":{"@id":"https:\/\/heklan.is\/#\/schema\/logo\/image\/"},"sameAs":["https:\/\/www.facebook.com\/sudurnes"]}]}},"_links":{"self":[{"href":"https:\/\/heklan.is\/en\/wp-json\/wp\/v2\/events\/3037","targetHints":{"allow":["GET"]}}],"collection":[{"href":"https:\/\/heklan.is\/en\/wp-json\/wp\/v2\/events"}],"about":[{"href":"https:\/\/heklan.is\/en\/wp-json\/wp\/v2\/types\/events"}],"version-history":[{"count":1,"href":"https:\/\/heklan.is\/en\/wp-json\/wp\/v2\/events\/3037\/revisions"}],"predecessor-version":[{"id":3039,"href":"https:\/\/heklan.is\/en\/wp-json\/wp\/v2\/events\/3037\/revisions\/3039"}],"wp:featuredmedia":[{"embeddable":true,"href":"https:\/\/heklan.is\/en\/wp-json\/wp\/v2\/media\/2965"}],"wp:attachment":[{"href":"https:\/\/heklan.is\/en\/wp-json\/wp\/v2\/media?parent=3037"}],"wp:term":[{"taxonomy":"event_category","embeddable":true,"href":"https:\/\/heklan.is\/en\/wp-json\/wp\/v2\/event_category?post=3037"}],"curies":[{"name":"WordPress","href":"https:\/\/api.w.org\/{rel}","templated":true}]}}