{"id":3047,"date":"2026-03-31T12:16:36","date_gmt":"2026-03-31T12:16:36","guid":{"rendered":"https:\/\/heklan.is\/vidburdir\/loa-nyskopunarstyrkir-fyrir-landsbyggdina-3\/"},"modified":"2026-09-01T00:06:40","modified_gmt":"2026-09-01T00:06:40","slug":"loa-nyskopunarstyrkir-fyrir-landsbyggdina-3","status":"publish","type":"events","link":"https:\/\/heklan.is\/en\/vidburdir\/loa-nyskopunarstyrkir-fyrir-landsbyggdina-3\/","title":{"rendered":"L\u00f3a \u2013 Innovation Grants for the Countryside \ud83d\udc69\u200d\ud83c\udf3e"},"content":{"rendered":"<p>Grants are awarded for innovation projects outside the capital region. The focus is on supporting the business sector and value creation, as well as promoting the development of an ecosystem for innovation.<\/p>\n<p>Application deadline: ~ Mar. 2027<\/p>","protected":false},"excerpt":{"rendered":"<p>Styrkjum er \u00fathluta\u00f0 til n\u00fdsk\u00f6punarverkefna utan h\u00f6fu\u00f0borgarasv\u00e6\u00f0isins. \u00c1hersla er \u00e1 a\u00f0 sty\u00f0ja vi\u00f0 atvinnul\u00edf og ver\u00f0m\u00e6task\u00f6pun sem og stu\u00f0la a\u00f0 uppbyggingu vistkerfis fyrir n\u00fdsk\u00f6punarstarfsemi. Ums\u00f3knarfrestur: ~ mar. 2027<\/p>","protected":false},"featured_media":2965,"template":"","event_category":[27],"class_list":["post-3047","events","type-events","status-publish","has-post-thumbnail","hentry","event_category-styrkir"],"blocksy_meta":{"styles_descriptor":{"styles":{"desktop":"","tablet":"","mobile":""},"google_fonts":[],"version":7}},"acf":[],"yoast_head":"<!-- This site is optimized with the Yoast SEO plugin v28.2 - https:\/\/yoast.com\/product\/yoast-seo-wordpress\/ -->\n<title>L\u00f3a - n\u00fdsk\u00f6punarstyrkir fyrir landsbygg\u00f0ina \ud83d\udc69\u200d\ud83c\udf3e - Heklan atvinnu\u00fer\u00f3un<\/title>\n<meta name=\"robots\" content=\"index, follow, max-snippet:-1, max-image-preview:large, max-video-preview:-1\" \/>\n<link rel=\"canonical\" href=\"https:\/\/heklan.is\/en\/vidburdir\/loa-nyskopunarstyrkir-fyrir-landsbyggdina-3\/\" \/>\n<meta property=\"og:locale\" content=\"en_US\" \/>\n<meta property=\"og:type\" content=\"article\" \/>\n<meta property=\"og:title\" content=\"L\u00f3a - n\u00fdsk\u00f6punarstyrkir fyrir landsbygg\u00f0ina \ud83d\udc69\u200d\ud83c\udf3e - Heklan atvinnu\u00fer\u00f3un\" \/>\n<meta property=\"og:description\" content=\"Styrkjum er \u00fathluta\u00f0 til n\u00fdsk\u00f6punarverkefna utan h\u00f6fu\u00f0borgarasv\u00e6\u00f0isins. \u00c1hersla er \u00e1 a\u00f0 sty\u00f0ja vi\u00f0 atvinnul\u00edf og ver\u00f0m\u00e6task\u00f6pun sem og stu\u00f0la a\u00f0 uppbyggingu vistkerfis fyrir n\u00fdsk\u00f6punarstarfsemi. Ums\u00f3knarfrestur: ~ mar. 2027\" \/>\n<meta property=\"og:url\" content=\"https:\/\/heklan.is\/en\/vidburdir\/loa-nyskopunarstyrkir-fyrir-landsbyggdina-3\/\" \/>\n<meta property=\"og:site_name\" content=\"Heklan atvinnu\u00fer\u00f3un\" \/>\n<meta property=\"article:publisher\" content=\"https:\/\/www.facebook.com\/sudurnes\" \/>\n<meta property=\"article:modified_time\" content=\"2026-09-01T00:06:40+00:00\" \/>\n<meta property=\"og:image\" content=\"https:\/\/heklan.is\/wp-content\/uploads\/2026\/03\/20190908_THRAINN_145753-scaled-1.jpg\" \/>\n\t<meta property=\"og:image:width\" content=\"2560\" \/>\n\t<meta property=\"og:image:height\" content=\"1920\" \/>\n\t<meta property=\"og:image:type\" content=\"image\/jpeg\" \/>\n<meta name=\"twitter:card\" content=\"summary_large_image\" \/>\n<script type=\"application\/ld+json\" class=\"yoast-schema-graph\">{\"@context\":\"https:\\\/\\\/schema.org\",\"@graph\":[{\"@type\":\"WebPage\",\"@id\":\"https:\\\/\\\/heklan.is\\\/vidburdir\\\/loa-nyskopunarstyrkir-fyrir-landsbyggdina-3\\\/\",\"url\":\"https:\\\/\\\/heklan.is\\\/vidburdir\\\/loa-nyskopunarstyrkir-fyrir-landsbyggdina-3\\\/\",\"name\":\"L\u00f3a - n\u00fdsk\u00f6punarstyrkir fyrir landsbygg\u00f0ina \ud83d\udc69\u200d\ud83c\udf3e - Heklan atvinnu\u00fer\u00f3un\",\"isPartOf\":{\"@id\":\"https:\\\/\\\/heklan.is\\\/#website\"},\"primaryImageOfPage\":{\"@id\":\"https:\\\/\\\/heklan.is\\\/vidburdir\\\/loa-nyskopunarstyrkir-fyrir-landsbyggdina-3\\\/#primaryimage\"},\"image\":{\"@id\":\"https:\\\/\\\/heklan.is\\\/vidburdir\\\/loa-nyskopunarstyrkir-fyrir-landsbyggdina-3\\\/#primaryimage\"},\"thumbnailUrl\":\"https:\\\/\\\/heklan.is\\\/wp-content\\\/uploads\\\/2026\\\/03\\\/20190908_THRAINN_145753-scaled-1.jpg\",\"datePublished\":\"2026-03-31T12:16:36+00:00\",\"dateModified\":\"2026-09-01T00:06:40+00:00\",\"breadcrumb\":{\"@id\":\"https:\\\/\\\/heklan.is\\\/vidburdir\\\/loa-nyskopunarstyrkir-fyrir-landsbyggdina-3\\\/#breadcrumb\"},\"inLanguage\":\"en-US\",\"potentialAction\":[{\"@type\":\"ReadAction\",\"target\":[\"https:\\\/\\\/heklan.is\\\/vidburdir\\\/loa-nyskopunarstyrkir-fyrir-landsbyggdina-3\\\/\"]}]},{\"@type\":\"ImageObject\",\"inLanguage\":\"en-US\",\"@id\":\"https:\\\/\\\/heklan.is\\\/vidburdir\\\/loa-nyskopunarstyrkir-fyrir-landsbyggdina-3\\\/#primaryimage\",\"url\":\"https:\\\/\\\/heklan.is\\\/wp-content\\\/uploads\\\/2026\\\/03\\\/20190908_THRAINN_145753-scaled-1.jpg\",\"contentUrl\":\"https:\\\/\\\/heklan.is\\\/wp-content\\\/uploads\\\/2026\\\/03\\\/20190908_THRAINN_145753-scaled-1.jpg\",\"width\":2560,\"height\":1920},{\"@type\":\"BreadcrumbList\",\"@id\":\"https:\\\/\\\/heklan.is\\\/vidburdir\\\/loa-nyskopunarstyrkir-fyrir-landsbyggdina-3\\\/#breadcrumb\",\"itemListElement\":[{\"@type\":\"ListItem\",\"position\":1,\"name\":\"Home\",\"item\":\"https:\\\/\\\/heklan.is\\\/\"},{\"@type\":\"ListItem\",\"position\":2,\"name\":\"Vi\u00f0bur\u00f0ir\",\"item\":\"https:\\\/\\\/heklan.is\\\/vidburdir\\\/\"},{\"@type\":\"ListItem\",\"position\":3,\"name\":\"L\u00f3a &#8211; n\u00fdsk\u00f6punarstyrkir fyrir landsbygg\u00f0ina \ud83d\udc69\u200d\ud83c\udf3e\"}]},{\"@type\":\"WebSite\",\"@id\":\"https:\\\/\\\/heklan.is\\\/#website\",\"url\":\"https:\\\/\\\/heklan.is\\\/\",\"name\":\"Heklan atvinnu\u00fer\u00f3un\",\"description\":\"\",\"publisher\":{\"@id\":\"https:\\\/\\\/heklan.is\\\/#organization\"},\"alternateName\":\"Heklan\",\"potentialAction\":[{\"@type\":\"SearchAction\",\"target\":{\"@type\":\"EntryPoint\",\"urlTemplate\":\"https:\\\/\\\/heklan.is\\\/?s={search_term_string}\"},\"query-input\":{\"@type\":\"PropertyValueSpecification\",\"valueRequired\":true,\"valueName\":\"search_term_string\"}}],\"inLanguage\":\"en-US\"},{\"@type\":\"Organization\",\"@id\":\"https:\\\/\\\/heklan.is\\\/#organization\",\"name\":\"Heklan atvinnu\u00fer\u00f3un\",\"alternateName\":\"Heklan\",\"url\":\"https:\\\/\\\/heklan.is\\\/\",\"logo\":{\"@type\":\"ImageObject\",\"inLanguage\":\"en-US\",\"@id\":\"https:\\\/\\\/heklan.is\\\/#\\\/schema\\\/logo\\\/image\\\/\",\"url\":\"https:\\\/\\\/heklan.is\\\/wp-content\\\/uploads\\\/2025\\\/09\\\/heklan-logo-dark.png\",\"contentUrl\":\"https:\\\/\\\/heklan.is\\\/wp-content\\\/uploads\\\/2025\\\/09\\\/heklan-logo-dark.png\",\"width\":700,\"height\":143,\"caption\":\"Heklan atvinnu\u00fer\u00f3un\"},\"image\":{\"@id\":\"https:\\\/\\\/heklan.is\\\/#\\\/schema\\\/logo\\\/image\\\/\"},\"sameAs\":[\"https:\\\/\\\/www.facebook.com\\\/sudurnes\"]}]}<\/script>\n<!-- \/ Yoast SEO plugin. -->","yoast_head_json":{"title":"L\u00f3a - n\u00fdsk\u00f6punarstyrkir fyrir landsbygg\u00f0ina \ud83d\udc69\u200d\ud83c\udf3e - Heklan atvinnu\u00fer\u00f3un","robots":{"index":"index","follow":"follow","max-snippet":"max-snippet:-1","max-image-preview":"max-image-preview:large","max-video-preview":"max-video-preview:-1"},"canonical":"https:\/\/heklan.is\/en\/vidburdir\/loa-nyskopunarstyrkir-fyrir-landsbyggdina-3\/","og_locale":"en_US","og_type":"article","og_title":"L\u00f3a - n\u00fdsk\u00f6punarstyrkir fyrir landsbygg\u00f0ina \ud83d\udc69\u200d\ud83c\udf3e - Heklan atvinnu\u00fer\u00f3un","og_description":"Styrkjum er \u00fathluta\u00f0 til n\u00fdsk\u00f6punarverkefna utan h\u00f6fu\u00f0borgarasv\u00e6\u00f0isins. \u00c1hersla er \u00e1 a\u00f0 sty\u00f0ja vi\u00f0 atvinnul\u00edf og ver\u00f0m\u00e6task\u00f6pun sem og stu\u00f0la a\u00f0 uppbyggingu vistkerfis fyrir n\u00fdsk\u00f6punarstarfsemi. Ums\u00f3knarfrestur: ~ mar. 2027","og_url":"https:\/\/heklan.is\/en\/vidburdir\/loa-nyskopunarstyrkir-fyrir-landsbyggdina-3\/","og_site_name":"Heklan atvinnu\u00fer\u00f3un","article_publisher":"https:\/\/www.facebook.com\/sudurnes","article_modified_time":"2026-09-01T00:06:40+00:00","og_image":[{"width":2560,"height":1920,"url":"https:\/\/heklan.is\/wp-content\/uploads\/2026\/03\/20190908_THRAINN_145753-scaled-1.jpg","type":"image\/jpeg"}],"twitter_card":"summary_large_image","schema":{"@context":"https:\/\/schema.org","@graph":[{"@type":"WebPage","@id":"https:\/\/heklan.is\/vidburdir\/loa-nyskopunarstyrkir-fyrir-landsbyggdina-3\/","url":"https:\/\/heklan.is\/vidburdir\/loa-nyskopunarstyrkir-fyrir-landsbyggdina-3\/","name":"L\u00f3a - n\u00fdsk\u00f6punarstyrkir fyrir landsbygg\u00f0ina \ud83d\udc69\u200d\ud83c\udf3e - Heklan atvinnu\u00fer\u00f3un","isPartOf":{"@id":"https:\/\/heklan.is\/#website"},"primaryImageOfPage":{"@id":"https:\/\/heklan.is\/vidburdir\/loa-nyskopunarstyrkir-fyrir-landsbyggdina-3\/#primaryimage"},"image":{"@id":"https:\/\/heklan.is\/vidburdir\/loa-nyskopunarstyrkir-fyrir-landsbyggdina-3\/#primaryimage"},"thumbnailUrl":"https:\/\/heklan.is\/wp-content\/uploads\/2026\/03\/20190908_THRAINN_145753-scaled-1.jpg","datePublished":"2026-03-31T12:16:36+00:00","dateModified":"2026-09-01T00:06:40+00:00","breadcrumb":{"@id":"https:\/\/heklan.is\/vidburdir\/loa-nyskopunarstyrkir-fyrir-landsbyggdina-3\/#breadcrumb"},"inLanguage":"en-US","potentialAction":[{"@type":"ReadAction","target":["https:\/\/heklan.is\/vidburdir\/loa-nyskopunarstyrkir-fyrir-landsbyggdina-3\/"]}]},{"@type":"ImageObject","inLanguage":"en-US","@id":"https:\/\/heklan.is\/vidburdir\/loa-nyskopunarstyrkir-fyrir-landsbyggdina-3\/#primaryimage","url":"https:\/\/heklan.is\/wp-content\/uploads\/2026\/03\/20190908_THRAINN_145753-scaled-1.jpg","contentUrl":"https:\/\/heklan.is\/wp-content\/uploads\/2026\/03\/20190908_THRAINN_145753-scaled-1.jpg","width":2560,"height":1920},{"@type":"BreadcrumbList","@id":"https:\/\/heklan.is\/vidburdir\/loa-nyskopunarstyrkir-fyrir-landsbyggdina-3\/#breadcrumb","itemListElement":[{"@type":"ListItem","position":1,"name":"Home","item":"https:\/\/heklan.is\/"},{"@type":"ListItem","position":2,"name":"Vi\u00f0bur\u00f0ir","item":"https:\/\/heklan.is\/vidburdir\/"},{"@type":"ListItem","position":3,"name":"L\u00f3a &#8211; n\u00fdsk\u00f6punarstyrkir fyrir landsbygg\u00f0ina \ud83d\udc69\u200d\ud83c\udf3e"}]},{"@type":"WebSite","@id":"https:\/\/heklan.is\/#website","url":"https:\/\/heklan.is\/","name":"The Hekla Career Development","description":"","publisher":{"@id":"https:\/\/heklan.is\/#organization"},"alternateName":"Heklan","potentialAction":[{"@type":"SearchAction","target":{"@type":"EntryPoint","urlTemplate":"https:\/\/heklan.is\/?s={search_term_string}"},"query-input":{"@type":"PropertyValueSpecification","valueRequired":true,"valueName":"search_term_string"}}],"inLanguage":"en-US"},{"@type":"Organization","@id":"https:\/\/heklan.is\/#organization","name":"The Hekla Career Development","alternateName":"Heklan","url":"https:\/\/heklan.is\/","logo":{"@type":"ImageObject","inLanguage":"en-US","@id":"https:\/\/heklan.is\/#\/schema\/logo\/image\/","url":"https:\/\/heklan.is\/wp-content\/uploads\/2025\/09\/heklan-logo-dark.png","contentUrl":"https:\/\/heklan.is\/wp-content\/uploads\/2025\/09\/heklan-logo-dark.png","width":700,"height":143,"caption":"Heklan atvinnu\u00fer\u00f3un"},"image":{"@id":"https:\/\/heklan.is\/#\/schema\/logo\/image\/"},"sameAs":["https:\/\/www.facebook.com\/sudurnes"]}]}},"_links":{"self":[{"href":"https:\/\/heklan.is\/en\/wp-json\/wp\/v2\/events\/3047","targetHints":{"allow":["GET"]}}],"collection":[{"href":"https:\/\/heklan.is\/en\/wp-json\/wp\/v2\/events"}],"about":[{"href":"https:\/\/heklan.is\/en\/wp-json\/wp\/v2\/types\/events"}],"version-history":[{"count":1,"href":"https:\/\/heklan.is\/en\/wp-json\/wp\/v2\/events\/3047\/revisions"}],"predecessor-version":[{"id":3049,"href":"https:\/\/heklan.is\/en\/wp-json\/wp\/v2\/events\/3047\/revisions\/3049"}],"wp:featuredmedia":[{"embeddable":true,"href":"https:\/\/heklan.is\/en\/wp-json\/wp\/v2\/media\/2965"}],"wp:attachment":[{"href":"https:\/\/heklan.is\/en\/wp-json\/wp\/v2\/media?parent=3047"}],"wp:term":[{"taxonomy":"event_category","embeddable":true,"href":"https:\/\/heklan.is\/en\/wp-json\/wp\/v2\/event_category?post=3047"}],"curies":[{"name":"WordPress","href":"https:\/\/api.w.org\/{rel}","templated":true}]}}