{"id":3141,"date":"2026-08-02T00:11:45","date_gmt":"2026-08-02T00:11:45","guid":{"rendered":"https:\/\/heklan.is\/vidburdir\/samfelagssjodur-landsvirkjunar-3\/"},"modified":"2026-08-03T00:06:39","modified_gmt":"2026-08-03T00:06:39","slug":"samfelagssjodur-landsvirkjunar-3","status":"publish","type":"events","link":"https:\/\/heklan.is\/en\/vidburdir\/samfelagssjodur-landsvirkjunar-3\/","title":{"rendered":"Landsvirkjun&#x27;s Community Fund \ud83d\udd0b"},"content":{"rendered":"<p>Supports causes and projects that have a positive social impact. The fund supports projects with broad social appeal and places a special emphasis on projects that have a positive impact on the company&#x27;s local communities.<\/p>\n<p>Application deadline: ~ July 2027<\/p>","protected":false},"excerpt":{"rendered":"<p>Sty\u00f0ur vi\u00f0 m\u00e1lefni og verkefni sem hafa j\u00e1kv\u00e6\u00f0 samf\u00e9lagsleg \u00e1hrif. Sj\u00f3\u00f0urinn sty\u00f0ur verkefni sem hafa brei\u00f0a samf\u00e9lagslega sk\u00edrskotun og leggur s\u00e9rstaka \u00e1herslu \u00e1 verkefni sem hafa j\u00e1kv\u00e6\u00f0 \u00e1hrif \u00e1 n\u00e6rsamf\u00e9l\u00f6g fyrirt\u00e6kisins. Ums\u00f3knarfrestur: ~ j\u00fal. 2027<\/p>","protected":false},"featured_media":3100,"template":"","event_category":[27],"class_list":["post-3141","events","type-events","status-publish","has-post-thumbnail","hentry","event_category-styrkir"],"blocksy_meta":{"styles_descriptor":{"styles":{"desktop":"","tablet":"","mobile":""},"google_fonts":[],"version":7}},"acf":[],"yoast_head":"<!-- This site is optimized with the Yoast SEO plugin v28.2 - https:\/\/yoast.com\/product\/yoast-seo-wordpress\/ -->\n<title>Samf\u00e9lagssj\u00f3\u00f0ur Landsvirkjunar \ud83d\udd0b - Heklan atvinnu\u00fer\u00f3un<\/title>\n<meta name=\"robots\" content=\"index, follow, max-snippet:-1, max-image-preview:large, max-video-preview:-1\" \/>\n<link rel=\"canonical\" href=\"https:\/\/heklan.is\/en\/vidburdir\/samfelagssjodur-landsvirkjunar-3\/\" \/>\n<meta property=\"og:locale\" content=\"en_US\" \/>\n<meta property=\"og:type\" content=\"article\" \/>\n<meta property=\"og:title\" content=\"Samf\u00e9lagssj\u00f3\u00f0ur Landsvirkjunar \ud83d\udd0b - Heklan atvinnu\u00fer\u00f3un\" \/>\n<meta property=\"og:description\" content=\"Sty\u00f0ur vi\u00f0 m\u00e1lefni og verkefni sem hafa j\u00e1kv\u00e6\u00f0 samf\u00e9lagsleg \u00e1hrif. Sj\u00f3\u00f0urinn sty\u00f0ur verkefni sem hafa brei\u00f0a samf\u00e9lagslega sk\u00edrskotun og leggur s\u00e9rstaka \u00e1herslu \u00e1 verkefni sem hafa j\u00e1kv\u00e6\u00f0 \u00e1hrif \u00e1 n\u00e6rsamf\u00e9l\u00f6g fyrirt\u00e6kisins. Ums\u00f3knarfrestur: ~ j\u00fal. 2027\" \/>\n<meta property=\"og:url\" content=\"https:\/\/heklan.is\/en\/vidburdir\/samfelagssjodur-landsvirkjunar-3\/\" \/>\n<meta property=\"og:site_name\" content=\"Heklan atvinnu\u00fer\u00f3un\" \/>\n<meta property=\"article:publisher\" content=\"https:\/\/www.facebook.com\/sudurnes\" \/>\n<meta property=\"article:modified_time\" content=\"2026-08-03T00:06:39+00:00\" \/>\n<meta property=\"og:image\" content=\"https:\/\/heklan.is\/wp-content\/uploads\/2026\/06\/20190908_THRAINN_145753-scaled-1.jpg\" \/>\n\t<meta property=\"og:image:width\" content=\"2560\" \/>\n\t<meta property=\"og:image:height\" content=\"1920\" \/>\n\t<meta property=\"og:image:type\" content=\"image\/jpeg\" \/>\n<meta name=\"twitter:card\" content=\"summary_large_image\" \/>\n<script type=\"application\/ld+json\" class=\"yoast-schema-graph\">{\"@context\":\"https:\\\/\\\/schema.org\",\"@graph\":[{\"@type\":\"WebPage\",\"@id\":\"https:\\\/\\\/heklan.is\\\/vidburdir\\\/samfelagssjodur-landsvirkjunar-3\\\/\",\"url\":\"https:\\\/\\\/heklan.is\\\/vidburdir\\\/samfelagssjodur-landsvirkjunar-3\\\/\",\"name\":\"Samf\u00e9lagssj\u00f3\u00f0ur Landsvirkjunar \ud83d\udd0b - Heklan atvinnu\u00fer\u00f3un\",\"isPartOf\":{\"@id\":\"https:\\\/\\\/heklan.is\\\/#website\"},\"primaryImageOfPage\":{\"@id\":\"https:\\\/\\\/heklan.is\\\/vidburdir\\\/samfelagssjodur-landsvirkjunar-3\\\/#primaryimage\"},\"image\":{\"@id\":\"https:\\\/\\\/heklan.is\\\/vidburdir\\\/samfelagssjodur-landsvirkjunar-3\\\/#primaryimage\"},\"thumbnailUrl\":\"https:\\\/\\\/heklan.is\\\/wp-content\\\/uploads\\\/2026\\\/06\\\/20190908_THRAINN_145753-scaled-1.jpg\",\"datePublished\":\"2026-08-02T00:11:45+00:00\",\"dateModified\":\"2026-08-03T00:06:39+00:00\",\"breadcrumb\":{\"@id\":\"https:\\\/\\\/heklan.is\\\/vidburdir\\\/samfelagssjodur-landsvirkjunar-3\\\/#breadcrumb\"},\"inLanguage\":\"en-US\",\"potentialAction\":[{\"@type\":\"ReadAction\",\"target\":[\"https:\\\/\\\/heklan.is\\\/vidburdir\\\/samfelagssjodur-landsvirkjunar-3\\\/\"]}]},{\"@type\":\"ImageObject\",\"inLanguage\":\"en-US\",\"@id\":\"https:\\\/\\\/heklan.is\\\/vidburdir\\\/samfelagssjodur-landsvirkjunar-3\\\/#primaryimage\",\"url\":\"https:\\\/\\\/heklan.is\\\/wp-content\\\/uploads\\\/2026\\\/06\\\/20190908_THRAINN_145753-scaled-1.jpg\",\"contentUrl\":\"https:\\\/\\\/heklan.is\\\/wp-content\\\/uploads\\\/2026\\\/06\\\/20190908_THRAINN_145753-scaled-1.jpg\",\"width\":2560,\"height\":1920},{\"@type\":\"BreadcrumbList\",\"@id\":\"https:\\\/\\\/heklan.is\\\/vidburdir\\\/samfelagssjodur-landsvirkjunar-3\\\/#breadcrumb\",\"itemListElement\":[{\"@type\":\"ListItem\",\"position\":1,\"name\":\"Home\",\"item\":\"https:\\\/\\\/heklan.is\\\/\"},{\"@type\":\"ListItem\",\"position\":2,\"name\":\"Vi\u00f0bur\u00f0ir\",\"item\":\"https:\\\/\\\/heklan.is\\\/vidburdir\\\/\"},{\"@type\":\"ListItem\",\"position\":3,\"name\":\"Samf\u00e9lagssj\u00f3\u00f0ur Landsvirkjunar \ud83d\udd0b\"}]},{\"@type\":\"WebSite\",\"@id\":\"https:\\\/\\\/heklan.is\\\/#website\",\"url\":\"https:\\\/\\\/heklan.is\\\/\",\"name\":\"Heklan atvinnu\u00fer\u00f3un\",\"description\":\"\",\"publisher\":{\"@id\":\"https:\\\/\\\/heklan.is\\\/#organization\"},\"alternateName\":\"Heklan\",\"potentialAction\":[{\"@type\":\"SearchAction\",\"target\":{\"@type\":\"EntryPoint\",\"urlTemplate\":\"https:\\\/\\\/heklan.is\\\/?s={search_term_string}\"},\"query-input\":{\"@type\":\"PropertyValueSpecification\",\"valueRequired\":true,\"valueName\":\"search_term_string\"}}],\"inLanguage\":\"en-US\"},{\"@type\":\"Organization\",\"@id\":\"https:\\\/\\\/heklan.is\\\/#organization\",\"name\":\"Heklan atvinnu\u00fer\u00f3un\",\"alternateName\":\"Heklan\",\"url\":\"https:\\\/\\\/heklan.is\\\/\",\"logo\":{\"@type\":\"ImageObject\",\"inLanguage\":\"en-US\",\"@id\":\"https:\\\/\\\/heklan.is\\\/#\\\/schema\\\/logo\\\/image\\\/\",\"url\":\"https:\\\/\\\/heklan.is\\\/wp-content\\\/uploads\\\/2025\\\/09\\\/heklan-logo-dark.png\",\"contentUrl\":\"https:\\\/\\\/heklan.is\\\/wp-content\\\/uploads\\\/2025\\\/09\\\/heklan-logo-dark.png\",\"width\":700,\"height\":143,\"caption\":\"Heklan atvinnu\u00fer\u00f3un\"},\"image\":{\"@id\":\"https:\\\/\\\/heklan.is\\\/#\\\/schema\\\/logo\\\/image\\\/\"},\"sameAs\":[\"https:\\\/\\\/www.facebook.com\\\/sudurnes\"]}]}<\/script>\n<!-- \/ Yoast SEO plugin. -->","yoast_head_json":{"title":"Samf\u00e9lagssj\u00f3\u00f0ur Landsvirkjunar \ud83d\udd0b - Heklan atvinnu\u00fer\u00f3un","robots":{"index":"index","follow":"follow","max-snippet":"max-snippet:-1","max-image-preview":"max-image-preview:large","max-video-preview":"max-video-preview:-1"},"canonical":"https:\/\/heklan.is\/en\/vidburdir\/samfelagssjodur-landsvirkjunar-3\/","og_locale":"en_US","og_type":"article","og_title":"Samf\u00e9lagssj\u00f3\u00f0ur Landsvirkjunar \ud83d\udd0b - Heklan atvinnu\u00fer\u00f3un","og_description":"Sty\u00f0ur vi\u00f0 m\u00e1lefni og verkefni sem hafa j\u00e1kv\u00e6\u00f0 samf\u00e9lagsleg \u00e1hrif. Sj\u00f3\u00f0urinn sty\u00f0ur verkefni sem hafa brei\u00f0a samf\u00e9lagslega sk\u00edrskotun og leggur s\u00e9rstaka \u00e1herslu \u00e1 verkefni sem hafa j\u00e1kv\u00e6\u00f0 \u00e1hrif \u00e1 n\u00e6rsamf\u00e9l\u00f6g fyrirt\u00e6kisins. Ums\u00f3knarfrestur: ~ j\u00fal. 2027","og_url":"https:\/\/heklan.is\/en\/vidburdir\/samfelagssjodur-landsvirkjunar-3\/","og_site_name":"Heklan atvinnu\u00fer\u00f3un","article_publisher":"https:\/\/www.facebook.com\/sudurnes","article_modified_time":"2026-08-03T00:06:39+00:00","og_image":[{"width":2560,"height":1920,"url":"https:\/\/heklan.is\/wp-content\/uploads\/2026\/06\/20190908_THRAINN_145753-scaled-1.jpg","type":"image\/jpeg"}],"twitter_card":"summary_large_image","schema":{"@context":"https:\/\/schema.org","@graph":[{"@type":"WebPage","@id":"https:\/\/heklan.is\/vidburdir\/samfelagssjodur-landsvirkjunar-3\/","url":"https:\/\/heklan.is\/vidburdir\/samfelagssjodur-landsvirkjunar-3\/","name":"Samf\u00e9lagssj\u00f3\u00f0ur Landsvirkjunar \ud83d\udd0b - Heklan atvinnu\u00fer\u00f3un","isPartOf":{"@id":"https:\/\/heklan.is\/#website"},"primaryImageOfPage":{"@id":"https:\/\/heklan.is\/vidburdir\/samfelagssjodur-landsvirkjunar-3\/#primaryimage"},"image":{"@id":"https:\/\/heklan.is\/vidburdir\/samfelagssjodur-landsvirkjunar-3\/#primaryimage"},"thumbnailUrl":"https:\/\/heklan.is\/wp-content\/uploads\/2026\/06\/20190908_THRAINN_145753-scaled-1.jpg","datePublished":"2026-08-02T00:11:45+00:00","dateModified":"2026-08-03T00:06:39+00:00","breadcrumb":{"@id":"https:\/\/heklan.is\/vidburdir\/samfelagssjodur-landsvirkjunar-3\/#breadcrumb"},"inLanguage":"en-US","potentialAction":[{"@type":"ReadAction","target":["https:\/\/heklan.is\/vidburdir\/samfelagssjodur-landsvirkjunar-3\/"]}]},{"@type":"ImageObject","inLanguage":"en-US","@id":"https:\/\/heklan.is\/vidburdir\/samfelagssjodur-landsvirkjunar-3\/#primaryimage","url":"https:\/\/heklan.is\/wp-content\/uploads\/2026\/06\/20190908_THRAINN_145753-scaled-1.jpg","contentUrl":"https:\/\/heklan.is\/wp-content\/uploads\/2026\/06\/20190908_THRAINN_145753-scaled-1.jpg","width":2560,"height":1920},{"@type":"BreadcrumbList","@id":"https:\/\/heklan.is\/vidburdir\/samfelagssjodur-landsvirkjunar-3\/#breadcrumb","itemListElement":[{"@type":"ListItem","position":1,"name":"Home","item":"https:\/\/heklan.is\/"},{"@type":"ListItem","position":2,"name":"Vi\u00f0bur\u00f0ir","item":"https:\/\/heklan.is\/vidburdir\/"},{"@type":"ListItem","position":3,"name":"Samf\u00e9lagssj\u00f3\u00f0ur Landsvirkjunar \ud83d\udd0b"}]},{"@type":"WebSite","@id":"https:\/\/heklan.is\/#website","url":"https:\/\/heklan.is\/","name":"The Hekla Career Development","description":"","publisher":{"@id":"https:\/\/heklan.is\/#organization"},"alternateName":"Heklan","potentialAction":[{"@type":"SearchAction","target":{"@type":"EntryPoint","urlTemplate":"https:\/\/heklan.is\/?s={search_term_string}"},"query-input":{"@type":"PropertyValueSpecification","valueRequired":true,"valueName":"search_term_string"}}],"inLanguage":"en-US"},{"@type":"Organization","@id":"https:\/\/heklan.is\/#organization","name":"The Hekla Career Development","alternateName":"Heklan","url":"https:\/\/heklan.is\/","logo":{"@type":"ImageObject","inLanguage":"en-US","@id":"https:\/\/heklan.is\/#\/schema\/logo\/image\/","url":"https:\/\/heklan.is\/wp-content\/uploads\/2025\/09\/heklan-logo-dark.png","contentUrl":"https:\/\/heklan.is\/wp-content\/uploads\/2025\/09\/heklan-logo-dark.png","width":700,"height":143,"caption":"Heklan atvinnu\u00fer\u00f3un"},"image":{"@id":"https:\/\/heklan.is\/#\/schema\/logo\/image\/"},"sameAs":["https:\/\/www.facebook.com\/sudurnes"]}]}},"_links":{"self":[{"href":"https:\/\/heklan.is\/en\/wp-json\/wp\/v2\/events\/3141","targetHints":{"allow":["GET"]}}],"collection":[{"href":"https:\/\/heklan.is\/en\/wp-json\/wp\/v2\/events"}],"about":[{"href":"https:\/\/heklan.is\/en\/wp-json\/wp\/v2\/types\/events"}],"version-history":[{"count":1,"href":"https:\/\/heklan.is\/en\/wp-json\/wp\/v2\/events\/3141\/revisions"}],"predecessor-version":[{"id":3142,"href":"https:\/\/heklan.is\/en\/wp-json\/wp\/v2\/events\/3141\/revisions\/3142"}],"wp:featuredmedia":[{"embeddable":true,"href":"https:\/\/heklan.is\/en\/wp-json\/wp\/v2\/media\/3100"}],"wp:attachment":[{"href":"https:\/\/heklan.is\/en\/wp-json\/wp\/v2\/media?parent=3141"}],"wp:term":[{"taxonomy":"event_category","embeddable":true,"href":"https:\/\/heklan.is\/en\/wp-json\/wp\/v2\/event_category?post=3141"}],"curies":[{"name":"WordPress","href":"https:\/\/api.w.org\/{rel}","templated":true}]}}