{"id":3147,"date":"2026-08-07T00:08:37","date_gmt":"2026-08-07T00:08:37","guid":{"rendered":"https:\/\/heklan.is\/vidburdir\/nyskopunarthing-2026\/"},"modified":"2026-08-07T00:08:37","modified_gmt":"2026-08-07T00:08:37","slug":"nyskopunarthing-2026","status":"publish","type":"events","link":"https:\/\/heklan.is\/en\/vidburdir\/nyskopunarthing-2026\/","title":{"rendered":"Innovation Summit 2026"},"content":{"rendered":"<p>Innovation Summit 2026 will be held on Thursday, October 29, in the lecture hall at Gr\u00f3sk.<br \/>\nThe topic is always chosen with the goal of promoting an understanding of the interplay between science, technology, and knowledge on one hand, and product development and marketing on the other. This year, innovation in rural areas will be the focus.<br \/>\nWe encourage interested parties to take the time and register.<br \/>\nSmelltu h\u00e9r til a\u00f0 skr\u00e1 \u00feig: https:\/\/forms.office.com\/e\/xGmi2Y4EZB<br \/>\nDagskr\u00e1 birtist \u00feegar n\u00e6r dregur \u00e1 vefs\u00ed\u00f0u Rann\u00eds: https:\/\/island.is\/s\/rannis\/vidburdir\/nyskopunarthing-2026-29-10-2026<br \/>\nThe event will also be available to watch via live stream.<br \/>\nThe conference is held annually in collaboration with Rann\u00eds, \u00cdslandsstofa, the Intellectual Property Office, and the Innovation Fund Kr\u00eda.<\/p>","protected":false},"excerpt":{"rendered":"<p>N\u00fdsk\u00f6punar\u00feing 2026 ver\u00f0ur haldi\u00f0 fimmtudaginn 29. okt\u00f3ber n\u00e6stkomandi \u00ed fyrirlestrarsalnum \u00ed Gr\u00f3sku. Umr\u00e6\u00f0uefni\u00f0 er \u00e1vallt vali\u00f0 me\u00f0 \u00fea\u00f0 \u00ed huga a\u00f0 \u00fdta undir skilning manna \u00e1 samspili v\u00edsinda, t\u00e6kni og \u00feekkingar annars vegar og v\u00f6ruframlei\u00f0slu og marka\u00f0sstarfs hins vegar. \u00cd \u00e1r ver\u00f0ur n\u00fdsk\u00f6pun \u00e1 landsbygg\u00f0inni \u00ed brennidepli. Vi\u00f0 hvetjum \u00e1hugas\u00f6m til \u00feess a\u00f0 taka t\u00edmann [&hellip;]<\/p>\n","protected":false},"featured_media":3148,"template":"","event_category":[29],"class_list":["post-3147","events","type-events","status-publish","has-post-thumbnail","hentry","event_category-vidburdir"],"blocksy_meta":{"styles_descriptor":{"styles":{"desktop":"","tablet":"","mobile":""},"google_fonts":[],"version":7}},"acf":[],"yoast_head":"<!-- This site is optimized with the Yoast SEO plugin v28.2 - https:\/\/yoast.com\/product\/yoast-seo-wordpress\/ -->\n<title>N\u00fdsk\u00f6punar\u00feing 2026 - Heklan atvinnu\u00fer\u00f3un<\/title>\n<meta name=\"robots\" content=\"index, follow, max-snippet:-1, max-image-preview:large, max-video-preview:-1\" \/>\n<link rel=\"canonical\" href=\"https:\/\/heklan.is\/en\/vidburdir\/nyskopunarthing-2026\/\" \/>\n<meta property=\"og:locale\" content=\"en_US\" \/>\n<meta property=\"og:type\" content=\"article\" \/>\n<meta property=\"og:title\" content=\"N\u00fdsk\u00f6punar\u00feing 2026 - Heklan atvinnu\u00fer\u00f3un\" \/>\n<meta property=\"og:description\" content=\"N\u00fdsk\u00f6punar\u00feing 2026 ver\u00f0ur haldi\u00f0 fimmtudaginn 29. okt\u00f3ber n\u00e6stkomandi \u00ed fyrirlestrarsalnum \u00ed Gr\u00f3sku. Umr\u00e6\u00f0uefni\u00f0 er \u00e1vallt vali\u00f0 me\u00f0 \u00fea\u00f0 \u00ed huga a\u00f0 \u00fdta undir skilning manna \u00e1 samspili v\u00edsinda, t\u00e6kni og \u00feekkingar annars vegar og v\u00f6ruframlei\u00f0slu og marka\u00f0sstarfs hins vegar. \u00cd \u00e1r ver\u00f0ur n\u00fdsk\u00f6pun \u00e1 landsbygg\u00f0inni \u00ed brennidepli. Vi\u00f0 hvetjum \u00e1hugas\u00f6m til \u00feess a\u00f0 taka t\u00edmann [&hellip;]\" \/>\n<meta property=\"og:url\" content=\"https:\/\/heklan.is\/en\/vidburdir\/nyskopunarthing-2026\/\" \/>\n<meta property=\"og:site_name\" content=\"Heklan atvinnu\u00fer\u00f3un\" \/>\n<meta property=\"article:publisher\" content=\"https:\/\/www.facebook.com\/sudurnes\" \/>\n<meta property=\"og:image\" content=\"https:\/\/heklan.is\/wp-content\/uploads\/2025\/09\/heklan-social-image-1024x683.png\" \/>\n\t<meta property=\"og:image:width\" content=\"1024\" \/>\n\t<meta property=\"og:image:height\" content=\"683\" \/>\n\t<meta property=\"og:image:type\" content=\"image\/png\" \/>\n<meta name=\"twitter:card\" content=\"summary_large_image\" \/>\n<meta name=\"twitter:label1\" content=\"Est. reading time\" \/>\n\t<meta name=\"twitter:data1\" content=\"1 minute\" \/>\n<script type=\"application\/ld+json\" class=\"yoast-schema-graph\">{\"@context\":\"https:\\\/\\\/schema.org\",\"@graph\":[{\"@type\":\"WebPage\",\"@id\":\"https:\\\/\\\/heklan.is\\\/vidburdir\\\/nyskopunarthing-2026\\\/\",\"url\":\"https:\\\/\\\/heklan.is\\\/vidburdir\\\/nyskopunarthing-2026\\\/\",\"name\":\"N\u00fdsk\u00f6punar\u00feing 2026 - Heklan atvinnu\u00fer\u00f3un\",\"isPartOf\":{\"@id\":\"https:\\\/\\\/heklan.is\\\/#website\"},\"primaryImageOfPage\":{\"@id\":\"https:\\\/\\\/heklan.is\\\/vidburdir\\\/nyskopunarthing-2026\\\/#primaryimage\"},\"image\":{\"@id\":\"https:\\\/\\\/heklan.is\\\/vidburdir\\\/nyskopunarthing-2026\\\/#primaryimage\"},\"thumbnailUrl\":\"https:\\\/\\\/heklan.is\\\/wp-content\\\/uploads\\\/2026\\\/08\\\/vidburdircoverACUBgqWg_763907375_1466205785535527_7764779992891275394_n.jpg\",\"datePublished\":\"2026-08-07T00:08:37+00:00\",\"breadcrumb\":{\"@id\":\"https:\\\/\\\/heklan.is\\\/vidburdir\\\/nyskopunarthing-2026\\\/#breadcrumb\"},\"inLanguage\":\"en-US\",\"potentialAction\":[{\"@type\":\"ReadAction\",\"target\":[\"https:\\\/\\\/heklan.is\\\/vidburdir\\\/nyskopunarthing-2026\\\/\"]}]},{\"@type\":\"ImageObject\",\"inLanguage\":\"en-US\",\"@id\":\"https:\\\/\\\/heklan.is\\\/vidburdir\\\/nyskopunarthing-2026\\\/#primaryimage\",\"url\":\"https:\\\/\\\/heklan.is\\\/wp-content\\\/uploads\\\/2026\\\/08\\\/vidburdircoverACUBgqWg_763907375_1466205785535527_7764779992891275394_n.jpg\",\"contentUrl\":\"https:\\\/\\\/heklan.is\\\/wp-content\\\/uploads\\\/2026\\\/08\\\/vidburdircoverACUBgqWg_763907375_1466205785535527_7764779992891275394_n.jpg\",\"width\":1920,\"height\":1080},{\"@type\":\"BreadcrumbList\",\"@id\":\"https:\\\/\\\/heklan.is\\\/vidburdir\\\/nyskopunarthing-2026\\\/#breadcrumb\",\"itemListElement\":[{\"@type\":\"ListItem\",\"position\":1,\"name\":\"Home\",\"item\":\"https:\\\/\\\/heklan.is\\\/\"},{\"@type\":\"ListItem\",\"position\":2,\"name\":\"Vi\u00f0bur\u00f0ir\",\"item\":\"https:\\\/\\\/heklan.is\\\/vidburdir\\\/\"},{\"@type\":\"ListItem\",\"position\":3,\"name\":\"N\u00fdsk\u00f6punar\u00feing 2026\"}]},{\"@type\":\"WebSite\",\"@id\":\"https:\\\/\\\/heklan.is\\\/#website\",\"url\":\"https:\\\/\\\/heklan.is\\\/\",\"name\":\"Heklan atvinnu\u00fer\u00f3un\",\"description\":\"\",\"publisher\":{\"@id\":\"https:\\\/\\\/heklan.is\\\/#organization\"},\"alternateName\":\"Heklan\",\"potentialAction\":[{\"@type\":\"SearchAction\",\"target\":{\"@type\":\"EntryPoint\",\"urlTemplate\":\"https:\\\/\\\/heklan.is\\\/?s={search_term_string}\"},\"query-input\":{\"@type\":\"PropertyValueSpecification\",\"valueRequired\":true,\"valueName\":\"search_term_string\"}}],\"inLanguage\":\"en-US\"},{\"@type\":\"Organization\",\"@id\":\"https:\\\/\\\/heklan.is\\\/#organization\",\"name\":\"Heklan atvinnu\u00fer\u00f3un\",\"alternateName\":\"Heklan\",\"url\":\"https:\\\/\\\/heklan.is\\\/\",\"logo\":{\"@type\":\"ImageObject\",\"inLanguage\":\"en-US\",\"@id\":\"https:\\\/\\\/heklan.is\\\/#\\\/schema\\\/logo\\\/image\\\/\",\"url\":\"https:\\\/\\\/heklan.is\\\/wp-content\\\/uploads\\\/2025\\\/09\\\/heklan-logo-dark.png\",\"contentUrl\":\"https:\\\/\\\/heklan.is\\\/wp-content\\\/uploads\\\/2025\\\/09\\\/heklan-logo-dark.png\",\"width\":700,\"height\":143,\"caption\":\"Heklan atvinnu\u00fer\u00f3un\"},\"image\":{\"@id\":\"https:\\\/\\\/heklan.is\\\/#\\\/schema\\\/logo\\\/image\\\/\"},\"sameAs\":[\"https:\\\/\\\/www.facebook.com\\\/sudurnes\"]}]}<\/script>\n<!-- \/ Yoast SEO plugin. -->","yoast_head_json":{"title":"N\u00fdsk\u00f6punar\u00feing 2026 - Heklan atvinnu\u00fer\u00f3un","robots":{"index":"index","follow":"follow","max-snippet":"max-snippet:-1","max-image-preview":"max-image-preview:large","max-video-preview":"max-video-preview:-1"},"canonical":"https:\/\/heklan.is\/en\/vidburdir\/nyskopunarthing-2026\/","og_locale":"en_US","og_type":"article","og_title":"N\u00fdsk\u00f6punar\u00feing 2026 - Heklan atvinnu\u00fer\u00f3un","og_description":"N\u00fdsk\u00f6punar\u00feing 2026 ver\u00f0ur haldi\u00f0 fimmtudaginn 29. okt\u00f3ber n\u00e6stkomandi \u00ed fyrirlestrarsalnum \u00ed Gr\u00f3sku. Umr\u00e6\u00f0uefni\u00f0 er \u00e1vallt vali\u00f0 me\u00f0 \u00fea\u00f0 \u00ed huga a\u00f0 \u00fdta undir skilning manna \u00e1 samspili v\u00edsinda, t\u00e6kni og \u00feekkingar annars vegar og v\u00f6ruframlei\u00f0slu og marka\u00f0sstarfs hins vegar. \u00cd \u00e1r ver\u00f0ur n\u00fdsk\u00f6pun \u00e1 landsbygg\u00f0inni \u00ed brennidepli. Vi\u00f0 hvetjum \u00e1hugas\u00f6m til \u00feess a\u00f0 taka t\u00edmann [&hellip;]","og_url":"https:\/\/heklan.is\/en\/vidburdir\/nyskopunarthing-2026\/","og_site_name":"Heklan atvinnu\u00fer\u00f3un","article_publisher":"https:\/\/www.facebook.com\/sudurnes","og_image":[{"width":1024,"height":683,"url":"https:\/\/heklan.is\/wp-content\/uploads\/2025\/09\/heklan-social-image-1024x683.png","type":"image\/png"}],"twitter_card":"summary_large_image","twitter_misc":{"Est. reading time":"1 minute"},"schema":{"@context":"https:\/\/schema.org","@graph":[{"@type":"WebPage","@id":"https:\/\/heklan.is\/vidburdir\/nyskopunarthing-2026\/","url":"https:\/\/heklan.is\/vidburdir\/nyskopunarthing-2026\/","name":"N\u00fdsk\u00f6punar\u00feing 2026 - Heklan atvinnu\u00fer\u00f3un","isPartOf":{"@id":"https:\/\/heklan.is\/#website"},"primaryImageOfPage":{"@id":"https:\/\/heklan.is\/vidburdir\/nyskopunarthing-2026\/#primaryimage"},"image":{"@id":"https:\/\/heklan.is\/vidburdir\/nyskopunarthing-2026\/#primaryimage"},"thumbnailUrl":"https:\/\/heklan.is\/wp-content\/uploads\/2026\/08\/vidburdircoverACUBgqWg_763907375_1466205785535527_7764779992891275394_n.jpg","datePublished":"2026-08-07T00:08:37+00:00","breadcrumb":{"@id":"https:\/\/heklan.is\/vidburdir\/nyskopunarthing-2026\/#breadcrumb"},"inLanguage":"en-US","potentialAction":[{"@type":"ReadAction","target":["https:\/\/heklan.is\/vidburdir\/nyskopunarthing-2026\/"]}]},{"@type":"ImageObject","inLanguage":"en-US","@id":"https:\/\/heklan.is\/vidburdir\/nyskopunarthing-2026\/#primaryimage","url":"https:\/\/heklan.is\/wp-content\/uploads\/2026\/08\/vidburdircoverACUBgqWg_763907375_1466205785535527_7764779992891275394_n.jpg","contentUrl":"https:\/\/heklan.is\/wp-content\/uploads\/2026\/08\/vidburdircoverACUBgqWg_763907375_1466205785535527_7764779992891275394_n.jpg","width":1920,"height":1080},{"@type":"BreadcrumbList","@id":"https:\/\/heklan.is\/vidburdir\/nyskopunarthing-2026\/#breadcrumb","itemListElement":[{"@type":"ListItem","position":1,"name":"Home","item":"https:\/\/heklan.is\/"},{"@type":"ListItem","position":2,"name":"Vi\u00f0bur\u00f0ir","item":"https:\/\/heklan.is\/vidburdir\/"},{"@type":"ListItem","position":3,"name":"N\u00fdsk\u00f6punar\u00feing 2026"}]},{"@type":"WebSite","@id":"https:\/\/heklan.is\/#website","url":"https:\/\/heklan.is\/","name":"The Hekla Career Development","description":"","publisher":{"@id":"https:\/\/heklan.is\/#organization"},"alternateName":"Heklan","potentialAction":[{"@type":"SearchAction","target":{"@type":"EntryPoint","urlTemplate":"https:\/\/heklan.is\/?s={search_term_string}"},"query-input":{"@type":"PropertyValueSpecification","valueRequired":true,"valueName":"search_term_string"}}],"inLanguage":"en-US"},{"@type":"Organization","@id":"https:\/\/heklan.is\/#organization","name":"The Hekla Career Development","alternateName":"Heklan","url":"https:\/\/heklan.is\/","logo":{"@type":"ImageObject","inLanguage":"en-US","@id":"https:\/\/heklan.is\/#\/schema\/logo\/image\/","url":"https:\/\/heklan.is\/wp-content\/uploads\/2025\/09\/heklan-logo-dark.png","contentUrl":"https:\/\/heklan.is\/wp-content\/uploads\/2025\/09\/heklan-logo-dark.png","width":700,"height":143,"caption":"Heklan atvinnu\u00fer\u00f3un"},"image":{"@id":"https:\/\/heklan.is\/#\/schema\/logo\/image\/"},"sameAs":["https:\/\/www.facebook.com\/sudurnes"]}]}},"_links":{"self":[{"href":"https:\/\/heklan.is\/en\/wp-json\/wp\/v2\/events\/3147","targetHints":{"allow":["GET"]}}],"collection":[{"href":"https:\/\/heklan.is\/en\/wp-json\/wp\/v2\/events"}],"about":[{"href":"https:\/\/heklan.is\/en\/wp-json\/wp\/v2\/types\/events"}],"version-history":[{"count":0,"href":"https:\/\/heklan.is\/en\/wp-json\/wp\/v2\/events\/3147\/revisions"}],"wp:featuredmedia":[{"embeddable":true,"href":"https:\/\/heklan.is\/en\/wp-json\/wp\/v2\/media\/3148"}],"wp:attachment":[{"href":"https:\/\/heklan.is\/en\/wp-json\/wp\/v2\/media?parent=3147"}],"wp:term":[{"taxonomy":"event_category","embeddable":true,"href":"https:\/\/heklan.is\/en\/wp-json\/wp\/v2\/event_category?post=3147"}],"curies":[{"name":"WordPress","href":"https:\/\/api.w.org\/{rel}","templated":true}]}}